{"id":116175,"date":"2025-01-22T15:44:35","date_gmt":"2025-01-22T14:44:35","guid":{"rendered":"https:\/\/www.tcbo.it\/eventi\/choirs-of-dames-2025\/"},"modified":"2025-01-22T15:44:40","modified_gmt":"2025-01-22T14:44:40","slug":"choirs-of-dames-2025","status":"publish","type":"portfolio","link":"https:\/\/www.tcbo.it\/en\/eventi\/choirs-of-dames-2025\/","title":{"rendered":"Choirs of Dames 2025"},"content":{"rendered":"<div class=\"wpb-content-wrapper\"><p>[vc_row][vc_column width=&#8221;2\/3&#8243;][vc_custom_heading uncode_shortcode_id=&#8221;748500&#8243;]<\/p>\n<h3><span class=\"font-168876\"><strong>CHORUSES OF LADIES<\/strong><br \/>\n<\/span><\/h3>\n<h1><span class=\"font-531579\"><em><span style=\"color: #008000;\">Journey to Europe: sacred and profane in women&#8217;s 19th century chamber music<\/span><\/em><\/span><\/h1>\n<p>[\/vc_custom_heading][vc_column_text uncode_shortcode_id=&#8221;870383&#8243;]<span class=\"font-762333\">The Women&#8217;s Chorus of the Teatro Comunale di Bologna, accompanied by organ, harp and horns in a unique chamber ensemble, brings to life a fascinating musical journey that interweaves the sacred and the profane.<\/span><\/p>\n<p><span class=\"font-762333\">A &#8220;trip to Europe&#8221; among the most representative composers of the 19th and early 20th centuries: from the Hungarian suggestions of Liszt to the French elegance of Saint-Sa\u00ebns and Faur\u00e9, via Rheinberger of Liechtenstein, English Holst, German Jenner and Korngold, an Austrian naturalized American.<\/span><\/p>\n<p><span class=\"font-762333\">Through universal themes such as unrequited love, the human-nature relationship, the consolation of prayer and Eastern exoticism, the concert offers a refined and engaging musical proposal, enhanced by the delicacy of the female voices and the stylistic variety of the composers. An unmissable appointment to discover a rare and evocative repertoire. <\/span>[\/vc_column_text][vc_column_text uncode_shortcode_id=&#8221;184762&#8243;]<\/p>\n<h5 style=\"text-align: left;\"><span class=\"font-762333\" style=\"color: #808080;\">Choirmaster<\/span><\/h5>\n<p>[\/vc_column_text][vc_single_image media=&#8221;93279&#8243; media_width_percent=&#8221;12&#8243; advanced=&#8221;yes&#8221; media_items=&#8221;media|original,title&#8221; media_text=&#8221;under&#8221; media_overlay_opacity=&#8221;50&#8243; media_h_align=&#8221;center&#8221; media_padding=&#8221;2&#8243; uncode_shortcode_id=&#8221;474755&#8243;][vc_column_text uncode_shortcode_id=&#8221;175329&#8243;]<\/p>\n<h5 style=\"text-align: left;\"><span class=\"font-762333\" style=\"color: #808080;\"><span style=\"color: #333333;\">Women&#8217;s Chorus of the Teatro Comunale di Bologna<br \/>\n<\/span><\/span><\/h5>\n<h5 style=\"text-align: left;\"><span class=\"font-762333\" style=\"color: #808080;\"><span style=\"color: #333333;\"><span style=\"color: #808080;\">Soloists<\/span><br \/>\nLucia Michelazzo<br \/>\nChiara Salentino<\/span><\/span><\/h5>\n<h5 style=\"text-align: left;\"><span class=\"font-762333\" style=\"color: #808080;\"><span style=\"color: #333333;\"><span style=\"color: #808080;\">Tenor soloist<\/span><br \/>\nCristobal Campos Marin<br \/>\n<\/span><\/span><\/h5>\n<h5 style=\"text-align: left;\"><span class=\"font-762333\" style=\"color: #808080;\"><span style=\"color: #333333;\"><span style=\"color: #808080;\">Organ<\/span><br \/>\nWei Jiang<\/span><\/span><\/h5>\n<h5 style=\"text-align: left;\"><span class=\"font-762333\" style=\"color: #808080;\"><span style=\"color: #333333;\"><span style=\"color: #808080;\">Harp<br \/>\n<span style=\"color: #333333;\">Lucia Stone<\/span><\/span><\/span><\/span><\/h5>\n<h5 style=\"text-align: left;\"><span class=\"font-762333\" style=\"color: #808080;\"><span style=\"color: #333333;\"><span style=\"color: #808080;\">Horns<\/span><br \/>\nAlessio Ferroni <span style=\"color: #808080;\"><em>first horn<\/em><em><br \/>\n<\/em><span style=\"color: #333333;\">Federico Brandimarti <\/span><em>second horn<\/em><\/span><\/span><\/span><\/h5>\n<p>[\/vc_column_text][\/vc_column][vc_column column_width_percent=&#8221;100&#8243; align_horizontal=&#8221;align_center&#8221; gutter_size=&#8221;3&#8243; back_color=&#8221;color-lxmt&#8221; overlay_alpha=&#8221;50&#8243; shift_x=&#8221;0&#8243; shift_y=&#8221;0&#8243; shift_y_down=&#8221;0&#8243; z_index=&#8221;0&#8243; medium_width=&#8221;0&#8243; mobile_width=&#8221;0&#8243; width=&#8221;1\/3&#8243; uncode_shortcode_id=&#8221;185946&#8243; back_color_type=&#8221;uncode-palette&#8221;][vc_column_text uncode_shortcode_id=&#8221;130816&#8243;]<\/p>\n<h4 style=\"text-align: center;\"><span class=\"font-762333\"><strong>Feb. 1 | H 18.00<br \/>\nArchiginnasio Municipal Library &#8211; <em>Stabat Mater Room<\/em><\/strong><\/span><\/h4>\n<p>[\/vc_column_text][vc_button button_color=&#8221;color-742106&#8243; radius=&#8221;btn-round&#8221; border_width=&#8221;0&#8243; button_color_type=&#8221;uncode-palette&#8221; uncode_shortcode_id=&#8221;368940&#8243; link=&#8221;url:https%3A%2F%2Fwww.eventbrite.it%2Fe%2Fbiglietti-cori-di-dame-2025-1142877700969|&#8221;]reserve your place[\/vc_button][vc_column_text uncode_shortcode_id=&#8221;170483&#8243;]<\/p>\n<h4 style=\"text-align: center;\"><span class=\"font-762333\"><strong>Feb. 2 | H 6 p.m.<br \/>\nBudrio Consortium Theater<\/strong><\/span><\/h4>\n<p>[\/vc_column_text][vc_button button_color=&#8221;color-742106&#8243; radius=&#8221;btn-round&#8221; border_width=&#8221;0&#8243; button_color_type=&#8221;uncode-palette&#8221; uncode_shortcode_id=&#8221;129866&#8243; link=&#8221;url:https%3A%2F%2Fwww.eventbrite.it%2Fe%2Fbiglietti-cori-di-dame-2025-1143996707949|&#8221;]reserve your place[\/vc_button][vc_column_text uncode_shortcode_id=&#8221;123598&#8243;]<\/p>\n<h6 style=\"text-align: center;\"><span style=\"color: #008000;\">FREE EVENTS WITH RESERVATIONS REQUIRED<\/span><\/h6>\n<p>[\/vc_column_text][\/vc_column][\/vc_row][vc_row row_height_percent=&#8221;0&#8243; back_color=&#8221;color-lxmt&#8221; overlay_alpha=&#8221;50&#8243; gutter_size=&#8221;3&#8243; column_width_percent=&#8221;100&#8243; shift_y=&#8221;0&#8243; z_index=&#8221;0&#8243; uncode_shortcode_id=&#8221;535693&#8243; back_color_type=&#8221;uncode-palette&#8221;][vc_column width=&#8221;1\/1&#8243;][vc_column_text uncode_shortcode_id=&#8221;297624&#8243;]<\/p>\n<h4 style=\"text-align: center;\"><span class=\"font-762333\"><strong>PROGRAM<\/strong><\/span><\/h4>\n<p>[\/vc_column_text][\/vc_column][\/vc_row][vc_row][vc_column width=&#8221;1\/3&#8243;][vc_column_text uncode_shortcode_id=&#8221;765769&#8243;]<\/p>\n<h4 style=\"text-align: center;\"><strong><span class=\"font-531579\">Erich Wolfgang Korngold<\/span><\/strong><\/h4>\n<p style=\"text-align: center;\"><em>Prayer op.32 for tenor<span class=\"Apple-converted-space\">  <\/span>solo, women&#8217;s choir, harp and organ<\/em><\/p>\n<p>[\/vc_column_text][\/vc_column][vc_column width=&#8221;1\/3&#8243;][vc_column_text uncode_shortcode_id=&#8221;129412&#8243;]<\/p>\n<h4 style=\"text-align: center;\"><strong><span class=\"font-531579\">Gustav Jenner<\/span><\/strong><\/h4>\n<p style=\"text-align: center;\"><em>Meeresleuchten for women&#8217;s choir and harp<\/em><\/p>\n<p>[\/vc_column_text][\/vc_column][vc_column width=&#8221;1\/3&#8243;][vc_column_text uncode_shortcode_id=&#8221;150217&#8243;]<\/p>\n<h4 style=\"text-align: center;\"><strong><span class=\"font-531579\">Camille Saint-Sa\u00ebns<\/span><\/strong><\/h4>\n<p style=\"text-align: center;\"><em>Ave Maria for women&#8217;s choir and organ<\/em><\/p>\n<p>[\/vc_column_text][\/vc_column][\/vc_row][vc_row][vc_column width=&#8221;1\/3&#8243;][vc_column_text uncode_shortcode_id=&#8221;526265&#8243;]<\/p>\n<h4 style=\"text-align: center;\"><strong><span class=\"font-531579\">Johannes Brahms<\/span><\/strong><\/h4>\n<p style=\"text-align: center;\"><em>Vier Ges\u00e4nge op.17 for women&#8217;s choir, 2 horns and harp<\/em><\/p>\n<p>[\/vc_column_text][\/vc_column][vc_column width=&#8221;1\/3&#8243;][vc_column_text uncode_shortcode_id=&#8221;310347&#8243;]<\/p>\n<h4 style=\"text-align: center;\"><strong><span class=\"font-531579\">Gabriel Faur\u00e9<\/span><\/strong><\/h4>\n<p style=\"text-align: center;\"><em>Cantique de Jean Racine op.11 for women&#8217;s choir and organ<\/em><\/p>\n<p>[\/vc_column_text][vc_column_text uncode_shortcode_id=&#8221;198935&#8243;]<\/p>\n<p style=\"text-align: center;\"><em>Messe Basse for soloist, women&#8217;s choir and organ<span class=\"Apple-converted-space\"> <\/span><\/em><\/p>\n<p>[\/vc_column_text][\/vc_column][vc_column width=&#8221;1\/3&#8243;][vc_column_text uncode_shortcode_id=&#8221;342935&#8243;]<\/p>\n<h4 style=\"text-align: center;\"><strong><span class=\"font-531579\">Franz Liszt<\/span><\/strong><\/h4>\n<p style=\"text-align: center;\"><em>Hymne de l&#8217;enfant \u00e0 son r\u00e9veil from Harmonies po\u00e9tiques et r\u00e9ligieuses<span class=\"Apple-converted-space\">  <\/span>III s173 for<span class=\"Apple-converted-space\"> <\/span><b> <\/b> solo,<span class=\"Apple-converted-space\">  <\/span>women&#8217;s chorus, harp and organ<\/em><\/p>\n<p>[\/vc_column_text][\/vc_column][\/vc_row][vc_row][vc_column width=&#8221;1\/3&#8243;][vc_column_text uncode_shortcode_id=&#8221;170068&#8243;]<\/p>\n<h4 style=\"text-align: center;\"><strong><span class=\"font-531579\">Gustav Holst<\/span><\/strong><\/h4>\n<p style=\"text-align: center;\"><em>2 Eastern Pictures for female choir and harp<\/em><\/p>\n<p>[\/vc_column_text][\/vc_column][vc_column width=&#8221;1\/3&#8243;][vc_column_text uncode_shortcode_id=&#8221;472942&#8243;]<\/p>\n<h4 style=\"text-align: center;\"><strong><span class=\"font-531579\">Joseph Gabriel Rheinberger<\/span><\/strong><\/h4>\n<p style=\"text-align: center;\"><em>Wie lieblich sind deine Wohnungen for women&#8217;s choir, harp and organ<\/em><\/p>\n<p>[\/vc_column_text][\/vc_column][vc_column width=&#8221;1\/3&#8243;][\/vc_column][\/vc_row][vc_row row_height_percent=&#8221;0&#8243; overlay_alpha=&#8221;50&#8243; gutter_size=&#8221;3&#8243; column_width_percent=&#8221;100&#8243; shift_y=&#8221;0&#8243; z_index=&#8221;0&#8243; enable_top_divider=&#8221;default&#8221; top_divider=&#8221;gradient&#8221; shape_top_h_use_pixel=&#8221;&#8221; shape_top_height=&#8221;150&#8243; shape_top_opacity=&#8221;100&#8243; shape_top_index=&#8221;0&#8243; enable_bottom_divider=&#8221;default&#8221; bottom_divider=&#8221;gradient&#8221; shape_bottom_h_use_pixel=&#8221;&#8221; shape_bottom_height=&#8221;150&#8243; shape_bottom_opacity=&#8221;72&#8243; shape_bottom_index=&#8221;0&#8243; uncode_shortcode_id=&#8221;188472&#8243; overlay_color_type=&#8221;uncode-solid&#8221; overlay_color_solid=&#8221;#c49600&#8243;][vc_column width=&#8221;1\/1&#8243;][vc_column_text uncode_shortcode_id=&#8221;463021&#8243;]<\/p>\n<h3 style=\"text-align: center;\"><span class=\"font-762333\">WOMEN&#8217;S CHORUS OF THE MUNICIPAL THEATER OF BOLOGNA<\/span><\/h3>\n<p>[\/vc_column_text][vc_single_image media=&#8221;93277&#8243; media_width_percent=&#8221;100&#8243; media_ratio=&#8221;sixteen-nine&#8221; alignment=&#8221;center&#8221; shape=&#8221;img-round&#8221; shadow=&#8221;yes&#8221; shadow_weight=&#8221;sm&#8221; uncode_shortcode_id=&#8221;126738&#8243;][vc_column_text text_lead=&#8221;small&#8221; uncode_shortcode_id=&#8221;172361&#8243;]<\/p>\n<p style=\"text-align: center;\"><span class=\"font-762333\">Among the most renowned choral companies on the international scene, its conductors have included Gaetano Riccitelli, Leone Magiera, Fulvio Fogliazza, Fulvio Angius, Piero Monti, Marcello Seminara, Paolo Vero, Lorenzo Fratini, Andrea Faidutti, Alberto Malazzi, and since 2021 Gea Garatti Ansini. Numerous recording productions, including <i>La Favorita<\/i>, <i>Macbeth<\/i>, <i>Manon Lescaut<\/i>, <i>Rigoletto<\/i>, <i>La Cenerentola<\/i> and Rossini&#8217;s <i>Messa Solenne <\/i>. Numerous appearances abroad include Amsterdam (1987), Wiesbaden (1994), Japan (1993, 1998, 2002, 2006, 2011, 2017), Savonlinna (2006), Santander (2008), Muscat (2015), and Paris (2018). In 2001 he participated in Verdi&#8217;s <i>Messa da Requiem <\/i>at London&#8217;s Royal Albert Hall for the BBC Proms Festival with the Royal Philharmonic Orchestra and conducted by Daniele Gatti. In June 2019 the Chorus will again tour Japan (Osaka, Tokyo, Yokohama, Fukuoka), with <i>Rigoletto<\/i> directed by Alessio Pizzech and <i>Il barbiere di Siviglia<\/i> directed by Federico Grazzini.    <\/span><\/p>\n<p style=\"text-align: center;\"><span class=\"font-762333\">Of significant importance was his return to the Rossini Opera Festival from 2009 to 2016, during which in 2011 he participated in <i>Moses in Egypt<\/i> directed by Graham Vick and conducted by Roberto Abbado, a production that won the &#8220;Abbiati&#8221; award as best performance of the year.<\/span><\/p>\n<p style=\"text-align: center;\"><span class=\"font-762333\">In 2017, the Chorus participated in the Parma Verdi Festival in Graham Vick&#8217;s <i>Traviata <\/i>and <i>Stiffelio<\/i>, staged at the Teatro Farnese and awarded the &#8220;Franco Abbiati&#8221; Special Prize.<\/span><\/p>\n<p style=\"text-align: center;\"><span class=\"font-762333\">The Chorus&#8217; fall 2019 engagements for the Verdi Festival include <i>Luisa Miller<\/i> at the Church of San Francesco del Prato in Parma and <i>Aida<\/i> at Teatro Verdi in Busseto.<\/span><\/p>\n<p style=\"text-align: center;\"><span class=\"font-762333\">In 2019, the Municipal Theater&#8217;s production of Graham Vick&#8217;s <i>La boh\u00e8me<\/i> won the Abbiati Prize for best performance.<\/span><\/p>\n<p>[\/vc_column_text][\/vc_column][\/vc_row]<\/p>\n<\/div>","protected":false},"excerpt":{"rendered":"<p>FEB 1 | 6 p.m. | Biblioteca dellArchiginnasio<br \/>\nFEB 2 | 6 p.m. | Budrio Consortium Theater<\/p>\n","protected":false},"author":18,"featured_media":115872,"parent":0,"menu_order":0,"comment_status":"closed","ping_status":"closed","template":"","meta":{"_acf_changed":false,"footnotes":""},"portfolio_category":[494,495,496,519],"class_list":["post-116175","portfolio","type-portfolio","status-publish","has-post-thumbnail","hentry","portfolio_category-altri-eventi-en","portfolio_category-concerti-en","portfolio_category-calendario-en","portfolio_category-2025-en"],"acf":[],"yoast_head":"<!-- This site is optimized with the Yoast SEO Premium plugin v26.6 (Yoast SEO v27.4) - https:\/\/yoast.com\/product\/yoast-seo-premium-wordpress\/ -->\n<title>Choirs of Dames 2025 - Teatro Comunale di Bologna<\/title>\n<meta name=\"robots\" content=\"index, follow, max-snippet:-1, max-image-preview:large, max-video-preview:-1\" \/>\n<link rel=\"canonical\" href=\"https:\/\/www.tcbo.it\/en\/eventi\/choirs-of-dames-2025\/\" \/>\n<meta property=\"og:locale\" content=\"en_US\" \/>\n<meta property=\"og:type\" content=\"article\" \/>\n<meta property=\"og:title\" content=\"Choirs of Dames 2025\" \/>\n<meta property=\"og:description\" content=\"FEB 1 | 6 p.m. | Biblioteca dellArchiginnasio FEB 2 | 6 p.m. | Budrio Consortium Theater\" \/>\n<meta property=\"og:url\" content=\"https:\/\/www.tcbo.it\/en\/eventi\/choirs-of-dames-2025\/\" \/>\n<meta property=\"og:site_name\" content=\"Teatro Comunale di Bologna\" \/>\n<meta property=\"article:publisher\" content=\"https:\/\/www.facebook.com\/TeatroComunaleBologna\" \/>\n<meta property=\"article:modified_time\" content=\"2025-01-22T14:44:40+00:00\" \/>\n<meta property=\"og:image\" content=\"https:\/\/www.tcbo.it\/wp-content\/uploads\/2025\/01\/Progetto-senza-titolo.png\" \/>\n\t<meta property=\"og:image:width\" content=\"500\" \/>\n\t<meta property=\"og:image:height\" content=\"700\" \/>\n\t<meta property=\"og:image:type\" content=\"image\/png\" \/>\n<meta name=\"twitter:card\" content=\"summary_large_image\" \/>\n<meta name=\"twitter:site\" content=\"@ComunaleBologna\" \/>\n<meta name=\"twitter:label1\" content=\"Est. reading time\" \/>\n\t<meta name=\"twitter:data1\" content=\"5 minutes\" \/>\n<script type=\"application\/ld+json\" class=\"yoast-schema-graph\">{\"@context\":\"https:\\\/\\\/schema.org\",\"@graph\":[{\"@type\":\"WebPage\",\"@id\":\"https:\\\/\\\/www.tcbo.it\\\/en\\\/eventi\\\/choirs-of-dames-2025\\\/\",\"url\":\"https:\\\/\\\/www.tcbo.it\\\/en\\\/eventi\\\/choirs-of-dames-2025\\\/\",\"name\":\"Choirs of Dames 2025 - Teatro Comunale di Bologna\",\"isPartOf\":{\"@id\":\"https:\\\/\\\/www.tcbo.it\\\/#website\"},\"primaryImageOfPage\":{\"@id\":\"https:\\\/\\\/www.tcbo.it\\\/en\\\/eventi\\\/choirs-of-dames-2025\\\/#primaryimage\"},\"image\":{\"@id\":\"https:\\\/\\\/www.tcbo.it\\\/en\\\/eventi\\\/choirs-of-dames-2025\\\/#primaryimage\"},\"thumbnailUrl\":\"https:\\\/\\\/www.tcbo.it\\\/wp-content\\\/uploads\\\/2025\\\/01\\\/Progetto-senza-titolo.png\",\"datePublished\":\"2025-01-22T14:44:35+00:00\",\"dateModified\":\"2025-01-22T14:44:40+00:00\",\"breadcrumb\":{\"@id\":\"https:\\\/\\\/www.tcbo.it\\\/en\\\/eventi\\\/choirs-of-dames-2025\\\/#breadcrumb\"},\"inLanguage\":\"en-US\",\"potentialAction\":[{\"@type\":\"ReadAction\",\"target\":[\"https:\\\/\\\/www.tcbo.it\\\/en\\\/eventi\\\/choirs-of-dames-2025\\\/\"]}]},{\"@type\":\"ImageObject\",\"inLanguage\":\"en-US\",\"@id\":\"https:\\\/\\\/www.tcbo.it\\\/en\\\/eventi\\\/choirs-of-dames-2025\\\/#primaryimage\",\"url\":\"https:\\\/\\\/www.tcbo.it\\\/wp-content\\\/uploads\\\/2025\\\/01\\\/Progetto-senza-titolo.png\",\"contentUrl\":\"https:\\\/\\\/www.tcbo.it\\\/wp-content\\\/uploads\\\/2025\\\/01\\\/Progetto-senza-titolo.png\",\"width\":500,\"height\":700},{\"@type\":\"BreadcrumbList\",\"@id\":\"https:\\\/\\\/www.tcbo.it\\\/en\\\/eventi\\\/choirs-of-dames-2025\\\/#breadcrumb\",\"itemListElement\":[{\"@type\":\"ListItem\",\"position\":1,\"name\":\"Home\",\"item\":\"https:\\\/\\\/www.tcbo.it\\\/en\\\/\"},{\"@type\":\"ListItem\",\"position\":2,\"name\":\"Eventi\",\"item\":\"https:\\\/\\\/www.tcbo.it\\\/eventi\\\/\"},{\"@type\":\"ListItem\",\"position\":3,\"name\":\"Choirs of Dames 2025\"}]},{\"@type\":\"WebSite\",\"@id\":\"https:\\\/\\\/www.tcbo.it\\\/#website\",\"url\":\"https:\\\/\\\/www.tcbo.it\\\/\",\"name\":\"tcbo.it\",\"description\":\"Teatro d&#039;Opera, Musica Lirica e Sinfonica, spettacoli di Danza classica e contemporanea\",\"publisher\":{\"@id\":\"https:\\\/\\\/www.tcbo.it\\\/#organization\"},\"potentialAction\":[{\"@type\":\"SearchAction\",\"target\":{\"@type\":\"EntryPoint\",\"urlTemplate\":\"https:\\\/\\\/www.tcbo.it\\\/?s={search_term_string}\"},\"query-input\":{\"@type\":\"PropertyValueSpecification\",\"valueRequired\":true,\"valueName\":\"search_term_string\"}}],\"inLanguage\":\"en-US\"},{\"@type\":\"Organization\",\"@id\":\"https:\\\/\\\/www.tcbo.it\\\/#organization\",\"name\":\"Fondazione Teatro Comunale di Bologna\",\"url\":\"https:\\\/\\\/www.tcbo.it\\\/\",\"logo\":{\"@type\":\"ImageObject\",\"inLanguage\":\"en-US\",\"@id\":\"https:\\\/\\\/www.tcbo.it\\\/#\\\/schema\\\/logo\\\/image\\\/\",\"url\":\"https:\\\/\\\/www.tcbo.it\\\/wp-content\\\/uploads\\\/Copia-di-TCBO_-logo2016.jpg\",\"contentUrl\":\"https:\\\/\\\/www.tcbo.it\\\/wp-content\\\/uploads\\\/Copia-di-TCBO_-logo2016.jpg\",\"width\":3325,\"height\":3325,\"caption\":\"Fondazione Teatro Comunale di Bologna\"},\"image\":{\"@id\":\"https:\\\/\\\/www.tcbo.it\\\/#\\\/schema\\\/logo\\\/image\\\/\"},\"sameAs\":[\"https:\\\/\\\/www.facebook.com\\\/TeatroComunaleBologna\",\"https:\\\/\\\/x.com\\\/ComunaleBologna\",\"https:\\\/\\\/www.instagram.com\\\/comunalebologna\\\/\",\"https:\\\/\\\/www.linkedin.com\\\/company\\\/fondazione-teatro-comunale-di-bologna\\\/mycompany\\\/?viewAsMember=true\",\"https:\\\/\\\/www.youtube.com\\\/channel\\\/UC2YPqJpxc4Hof43oHcdCvvw\",\"https:\\\/\\\/www.tiktok.com\\\/@ilcomunalebologna\"]}]}<\/script>\n<!-- \/ Yoast SEO Premium plugin. -->","yoast_head_json":{"title":"Choirs of Dames 2025 - Teatro Comunale di Bologna","robots":{"index":"index","follow":"follow","max-snippet":"max-snippet:-1","max-image-preview":"max-image-preview:large","max-video-preview":"max-video-preview:-1"},"canonical":"https:\/\/www.tcbo.it\/en\/eventi\/choirs-of-dames-2025\/","og_locale":"en_US","og_type":"article","og_title":"Choirs of Dames 2025","og_description":"FEB 1 | 6 p.m. | Biblioteca dellArchiginnasio FEB 2 | 6 p.m. | Budrio Consortium Theater","og_url":"https:\/\/www.tcbo.it\/en\/eventi\/choirs-of-dames-2025\/","og_site_name":"Teatro Comunale di Bologna","article_publisher":"https:\/\/www.facebook.com\/TeatroComunaleBologna","article_modified_time":"2025-01-22T14:44:40+00:00","og_image":[{"width":500,"height":700,"url":"https:\/\/www.tcbo.it\/wp-content\/uploads\/2025\/01\/Progetto-senza-titolo.png","type":"image\/png"}],"twitter_card":"summary_large_image","twitter_site":"@ComunaleBologna","twitter_misc":{"Est. reading time":"5 minutes"},"schema":{"@context":"https:\/\/schema.org","@graph":[{"@type":"WebPage","@id":"https:\/\/www.tcbo.it\/en\/eventi\/choirs-of-dames-2025\/","url":"https:\/\/www.tcbo.it\/en\/eventi\/choirs-of-dames-2025\/","name":"Choirs of Dames 2025 - Teatro Comunale di Bologna","isPartOf":{"@id":"https:\/\/www.tcbo.it\/#website"},"primaryImageOfPage":{"@id":"https:\/\/www.tcbo.it\/en\/eventi\/choirs-of-dames-2025\/#primaryimage"},"image":{"@id":"https:\/\/www.tcbo.it\/en\/eventi\/choirs-of-dames-2025\/#primaryimage"},"thumbnailUrl":"https:\/\/www.tcbo.it\/wp-content\/uploads\/2025\/01\/Progetto-senza-titolo.png","datePublished":"2025-01-22T14:44:35+00:00","dateModified":"2025-01-22T14:44:40+00:00","breadcrumb":{"@id":"https:\/\/www.tcbo.it\/en\/eventi\/choirs-of-dames-2025\/#breadcrumb"},"inLanguage":"en-US","potentialAction":[{"@type":"ReadAction","target":["https:\/\/www.tcbo.it\/en\/eventi\/choirs-of-dames-2025\/"]}]},{"@type":"ImageObject","inLanguage":"en-US","@id":"https:\/\/www.tcbo.it\/en\/eventi\/choirs-of-dames-2025\/#primaryimage","url":"https:\/\/www.tcbo.it\/wp-content\/uploads\/2025\/01\/Progetto-senza-titolo.png","contentUrl":"https:\/\/www.tcbo.it\/wp-content\/uploads\/2025\/01\/Progetto-senza-titolo.png","width":500,"height":700},{"@type":"BreadcrumbList","@id":"https:\/\/www.tcbo.it\/en\/eventi\/choirs-of-dames-2025\/#breadcrumb","itemListElement":[{"@type":"ListItem","position":1,"name":"Home","item":"https:\/\/www.tcbo.it\/en\/"},{"@type":"ListItem","position":2,"name":"Eventi","item":"https:\/\/www.tcbo.it\/eventi\/"},{"@type":"ListItem","position":3,"name":"Choirs of Dames 2025"}]},{"@type":"WebSite","@id":"https:\/\/www.tcbo.it\/#website","url":"https:\/\/www.tcbo.it\/","name":"tcbo.it","description":"Teatro d&#039;Opera, Musica Lirica e Sinfonica, spettacoli di Danza classica e contemporanea","publisher":{"@id":"https:\/\/www.tcbo.it\/#organization"},"potentialAction":[{"@type":"SearchAction","target":{"@type":"EntryPoint","urlTemplate":"https:\/\/www.tcbo.it\/?s={search_term_string}"},"query-input":{"@type":"PropertyValueSpecification","valueRequired":true,"valueName":"search_term_string"}}],"inLanguage":"en-US"},{"@type":"Organization","@id":"https:\/\/www.tcbo.it\/#organization","name":"Fondazione Teatro Comunale di Bologna","url":"https:\/\/www.tcbo.it\/","logo":{"@type":"ImageObject","inLanguage":"en-US","@id":"https:\/\/www.tcbo.it\/#\/schema\/logo\/image\/","url":"https:\/\/www.tcbo.it\/wp-content\/uploads\/Copia-di-TCBO_-logo2016.jpg","contentUrl":"https:\/\/www.tcbo.it\/wp-content\/uploads\/Copia-di-TCBO_-logo2016.jpg","width":3325,"height":3325,"caption":"Fondazione Teatro Comunale di Bologna"},"image":{"@id":"https:\/\/www.tcbo.it\/#\/schema\/logo\/image\/"},"sameAs":["https:\/\/www.facebook.com\/TeatroComunaleBologna","https:\/\/x.com\/ComunaleBologna","https:\/\/www.instagram.com\/comunalebologna\/","https:\/\/www.linkedin.com\/company\/fondazione-teatro-comunale-di-bologna\/mycompany\/?viewAsMember=true","https:\/\/www.youtube.com\/channel\/UC2YPqJpxc4Hof43oHcdCvvw","https:\/\/www.tiktok.com\/@ilcomunalebologna"]}]}},"_links":{"self":[{"href":"https:\/\/www.tcbo.it\/en\/wp-json\/wp\/v2\/portfolio\/116175","targetHints":{"allow":["GET"]}}],"collection":[{"href":"https:\/\/www.tcbo.it\/en\/wp-json\/wp\/v2\/portfolio"}],"about":[{"href":"https:\/\/www.tcbo.it\/en\/wp-json\/wp\/v2\/types\/portfolio"}],"author":[{"embeddable":true,"href":"https:\/\/www.tcbo.it\/en\/wp-json\/wp\/v2\/users\/18"}],"replies":[{"embeddable":true,"href":"https:\/\/www.tcbo.it\/en\/wp-json\/wp\/v2\/comments?post=116175"}],"version-history":[{"count":1,"href":"https:\/\/www.tcbo.it\/en\/wp-json\/wp\/v2\/portfolio\/116175\/revisions"}],"predecessor-version":[{"id":116181,"href":"https:\/\/www.tcbo.it\/en\/wp-json\/wp\/v2\/portfolio\/116175\/revisions\/116181"}],"wp:featuredmedia":[{"embeddable":true,"href":"https:\/\/www.tcbo.it\/en\/wp-json\/wp\/v2\/media\/115872"}],"wp:attachment":[{"href":"https:\/\/www.tcbo.it\/en\/wp-json\/wp\/v2\/media?parent=116175"}],"wp:term":[{"taxonomy":"portfolio_category","embeddable":true,"href":"https:\/\/www.tcbo.it\/en\/wp-json\/wp\/v2\/portfolio_category?post=116175"}],"curies":[{"name":"wp","href":"https:\/\/api.w.org\/{rel}","templated":true}]}}