{"id":116313,"date":"2025-01-22T15:48:06","date_gmt":"2025-01-22T14:48:06","guid":{"rendered":"https:\/\/www.tcbo.it\/eventi\/symphonic-season-2025-alvise-casellati-director\/"},"modified":"2025-02-16T16:25:39","modified_gmt":"2025-02-16T15:25:39","slug":"symphonic-season-2025-alvise-casellati-director","status":"publish","type":"portfolio","link":"https:\/\/www.tcbo.it\/en\/eventi\/symphonic-season-2025-alvise-casellati-director\/","title":{"rendered":"Symphonic Season 2025 | Alvise Casellati director"},"content":{"rendered":"<div class=\"wpb-content-wrapper\"><p>[vc_row row_height_percent=&#8221;0&#8243; overlay_alpha=&#8221;50&#8243; gutter_size=&#8221;3&#8243; column_width_percent=&#8221;100&#8243; shift_y=&#8221;0&#8243; z_index=&#8221;0&#8243; mobile_visibility=&#8221;yes&#8221; uncode_shortcode_id=&#8221;465721&#8243;][vc_column width=&#8221;1\/1&#8243;][vc_column_text uncode_shortcode_id=&#8221;159538&#8243;]<div class=\"eventCalendarFilter\"><span class=\"eventCalendarTerm active\" data-term=\"reset\">All Events<\/span><span class=\"eventCalendarTerm\" data-term=\"opera\">Opera<\/span><span class=\"eventCalendarTerm\" data-term=\"danza\">Dance<\/span><span class=\"eventCalendarTerm\" data-term=\"concerti\">Concerts<\/span><span class=\"eventCalendarTerm\" data-term=\"altri-eventi\">Other Events<\/span><\/div><div class=\"swiper eventCalendarContainer sameHeightWrap\" data-height=\".craqEventCalendarSlide\" data-limt=\"1\"><div class=\"swiper-wrapper\"><div class=\"swiper-slide craqEventCalendarSlide concerti\"><div class=\"eventCalendarWrap\"><div class=\"absoluteInRelative backgroundCover eventCalendarImg lazyload\" style=\"background-image:inherit\" data-bg-image=\"url(&#039;https:\/\/www.tcbo.it\/wp-content\/uploads\/2023\/04\/basic_thumbnail_event_calendar.png&#039;)\"><\/div><a href=\"https:\/\/www.tcbo.it\/en\/eventi\/concerts-2026-joy-symphony-no-4\/\" class=\"absoluteInRelative\"><\/a><div class=\"eventCalendarDay\">3<\/div><div class=\"eventCalendarMonth\">May<\/div><div class=\"eventCalendarTerms\">Concerts<\/div><h3 class=\"eventCalendarTitle\">Concerts 2026 | Joy &#8211; Symphony No. 4<\/h3><div class=\"eventCalendarPlace\">Teatro Manzoni, 11:00<\/div><a role=\"button\" href=\"https:\/\/tcbo.vivaticket.it\/it\/event\/beethoven-sinfonia-n-4\/289952%20_blank\" class=\"custom-link btn border-width-0 btn-round btn-shadow btn-icon-left cursor-init eventCalendarTicketBtn\" target=\"_blank\" rel=\"noopener noreferrer\">BUY YOUR TICKET<\/a><\/div><\/div><div class=\"swiper-slide craqEventCalendarSlide concerti\"><div class=\"eventCalendarWrap\"><div class=\"absoluteInRelative backgroundCover eventCalendarImg lazyload\" style=\"background-image:inherit\" data-bg-image=\"url(&#039;https:\/\/www.tcbo.it\/wp-content\/uploads\/2023\/04\/basic_thumbnail_event_calendar.png&#039;)\"><\/div><a href=\"https:\/\/www.tcbo.it\/en\/eventi\/concerts-2026-joy-symphony-no-5\/\" class=\"absoluteInRelative\"><\/a><div class=\"eventCalendarDay\">10<\/div><div class=\"eventCalendarMonth\">May<\/div><div class=\"eventCalendarTerms\">Concerts<\/div><h3 class=\"eventCalendarTitle\">Concerts 2026 | Joy &#8211; Symphony No. 5<\/h3><div class=\"eventCalendarPlace\">Teatro Manzoni, 11:00<\/div><a role=\"button\" href=\"https:\/\/tcbo.vivaticket.it\/it\/event\/beethoven-sinfonia-n-5\/289953%20_blank\" class=\"custom-link btn border-width-0 btn-round btn-shadow btn-icon-left cursor-init eventCalendarTicketBtn\" target=\"_blank\" rel=\"noopener noreferrer\">BUY YOUR TICKET<\/a><\/div><\/div><div class=\"swiper-slide craqEventCalendarSlide opera\"><div class=\"eventCalendarWrap\"><div class=\"absoluteInRelative backgroundCover eventCalendarImg lazyload\" style=\"background-image:inherit\" data-bg-image=\"url(&#039;https:\/\/www.tcbo.it\/wp-content\/uploads\/2023\/04\/basic_thumbnail_event_calendar.png&#039;)\"><\/div><a href=\"https:\/\/www.tcbo.it\/en\/eventi\/opera-2026-olympia\/\" class=\"absoluteInRelative\"><\/a><div class=\"eventCalendarDay\">15<\/div><div class=\"eventCalendarMonth\">May<\/div><div class=\"eventCalendarTerms\">Opera<\/div><h3 class=\"eventCalendarTitle\">Opera 2026 | Olympia<\/h3><div class=\"eventCalendarPlace\">Comunale Nouveau, 20:00<\/div><\/div><\/div><div class=\"swiper-slide craqEventCalendarSlide opera\"><div class=\"eventCalendarWrap\"><div class=\"absoluteInRelative backgroundCover eventCalendarImg lazyload\" style=\"background-image:inherit\" data-bg-image=\"url(&#039;https:\/\/www.tcbo.it\/wp-content\/uploads\/2023\/04\/basic_thumbnail_event_calendar.png&#039;)\"><\/div><a href=\"https:\/\/www.tcbo.it\/en\/eventi\/opera-2026-olympia\/\" class=\"absoluteInRelative\"><\/a><div class=\"eventCalendarDay\">17<\/div><div class=\"eventCalendarMonth\">May<\/div><div class=\"eventCalendarTerms\">Opera<\/div><h3 class=\"eventCalendarTitle\">Opera 2026 | Olympia<\/h3><div class=\"eventCalendarPlace\">Comunale Nouveau, 16:00<\/div><a role=\"button\" href=\"https:\/\/tcbo.vivaticket.it\/it\/event\/olympia\/290797\" class=\"custom-link btn border-width-0 btn-round btn-shadow btn-icon-left cursor-init eventCalendarTicketBtn\" target=\"_blank\" rel=\"noopener noreferrer\">BUY YOUR TICKET<\/a><\/div><\/div><div class=\"swiper-slide craqEventCalendarSlide opera\"><div class=\"eventCalendarWrap\"><div class=\"absoluteInRelative backgroundCover eventCalendarImg lazyload\" style=\"background-image:inherit\" data-bg-image=\"url(&#039;https:\/\/www.tcbo.it\/wp-content\/uploads\/2023\/04\/basic_thumbnail_event_calendar.png&#039;)\"><\/div><a href=\"https:\/\/www.tcbo.it\/en\/eventi\/opera-2026-olympia\/\" class=\"absoluteInRelative\"><\/a><div class=\"eventCalendarDay\">19<\/div><div class=\"eventCalendarMonth\">May<\/div><div class=\"eventCalendarTerms\">Opera<\/div><h3 class=\"eventCalendarTitle\">Opera 2026 | Olympia<\/h3><div class=\"eventCalendarPlace\">Comunale Nouveau, 20:00<\/div><\/div><\/div><div class=\"swiper-slide craqEventCalendarSlide danza\"><div class=\"eventCalendarWrap\"><div class=\"absoluteInRelative backgroundCover eventCalendarImg lazyload\" style=\"background-image:inherit\" data-bg-image=\"url(&#039;https:\/\/www.tcbo.it\/wp-content\/uploads\/2023\/04\/basic_thumbnail_event_calendar.png&#039;)\"><\/div><a href=\"https:\/\/www.tcbo.it\/en\/eventi\/dance-2026-carmen\/\" class=\"absoluteInRelative\"><\/a><div class=\"eventCalendarDay\">23<\/div><div class=\"eventCalendarMonth\">May<\/div><div class=\"eventCalendarTerms\">Dance<\/div><h3 class=\"eventCalendarTitle\">Dance 2026 | Carmen<\/h3><div class=\"eventCalendarPlace\">Comunale Nouveau, 20:30<\/div><\/div><\/div><div class=\"swiper-slide craqEventCalendarSlide danza\"><div class=\"eventCalendarWrap\"><div class=\"absoluteInRelative backgroundCover eventCalendarImg lazyload\" style=\"background-image:inherit\" data-bg-image=\"url(&#039;https:\/\/www.tcbo.it\/wp-content\/uploads\/2023\/04\/basic_thumbnail_event_calendar.png&#039;)\"><\/div><a href=\"https:\/\/www.tcbo.it\/en\/eventi\/dance-2026-carmen\/\" class=\"absoluteInRelative\"><\/a><div class=\"eventCalendarDay\">24<\/div><div class=\"eventCalendarMonth\">May<\/div><div class=\"eventCalendarTerms\">Dance<\/div><h3 class=\"eventCalendarTitle\">Dance 2026 | Carmen<\/h3><div class=\"eventCalendarPlace\">Comunale Nouveau, 16:00<\/div><a role=\"button\" href=\"https:\/\/tcbo.vivaticket.it\/it\/event\/carmen-balletto\/289977\" class=\"custom-link btn border-width-0 btn-round btn-shadow btn-icon-left cursor-init eventCalendarTicketBtn\" target=\"_blank\" rel=\"noopener noreferrer\">BUY YOUR TICKET<\/a><\/div><\/div><div class=\"swiper-slide craqEventCalendarSlide concerti\"><div class=\"eventCalendarWrap\"><div class=\"absoluteInRelative backgroundCover eventCalendarImg lazyload\" style=\"background-image:inherit\" data-bg-image=\"url(&#039;https:\/\/www.tcbo.it\/wp-content\/uploads\/2025\/11\/8_Foron_1080x1080.jpg&#039;)\"><\/div><a href=\"https:\/\/www.tcbo.it\/en\/eventi\/concerts-2026-symphony-foron\/\" class=\"absoluteInRelative\"><\/a><div class=\"eventCalendarDay\">25<\/div><div class=\"eventCalendarMonth\">May<\/div><div class=\"eventCalendarTerms\">Concerts<\/div><h3 class=\"eventCalendarTitle\">Concerts 2026 | Symphony &#8211; Foron<\/h3><div class=\"eventCalendarPlace\">Teatro Manzoni, 20:30<\/div><\/div><\/div><div class=\"swiper-slide craqEventCalendarSlide concerti\"><div class=\"eventCalendarWrap\"><div class=\"absoluteInRelative backgroundCover eventCalendarImg lazyload\" style=\"background-image:inherit\" data-bg-image=\"url(&#039;https:\/\/www.tcbo.it\/wp-content\/uploads\/2023\/04\/basic_thumbnail_event_calendar.png&#039;)\"><\/div><a href=\"https:\/\/www.tcbo.it\/en\/eventi\/concerts-2026-joy-symphony-no-6\/\" class=\"absoluteInRelative\"><\/a><div class=\"eventCalendarDay\">31<\/div><div class=\"eventCalendarMonth\">May<\/div><div class=\"eventCalendarTerms\">Concerts<\/div><h3 class=\"eventCalendarTitle\">Concerts 2026 | Joy &#8211; Symphony No. 6<\/h3><div class=\"eventCalendarPlace\">Teatro Manzoni, 11:00<\/div><a role=\"button\" href=\"https:\/\/tcbo.vivaticket.it\/it\/event\/beethoven-sinfonia-n-6\/289954%20_blank\" class=\"custom-link btn border-width-0 btn-round btn-shadow btn-icon-left cursor-init eventCalendarTicketBtn\" target=\"_blank\" rel=\"noopener noreferrer\">BUY YOUR TICKET<\/a><\/div><\/div><div class=\"swiper-slide craqEventCalendarSlide opera\"><div class=\"eventCalendarWrap\"><div class=\"absoluteInRelative backgroundCover eventCalendarImg lazyload\" style=\"background-image:inherit\" data-bg-image=\"url(&#039;https:\/\/www.tcbo.it\/wp-content\/uploads\/2023\/04\/basic_thumbnail_event_calendar.png&#039;)\"><\/div><a href=\"https:\/\/www.tcbo.it\/en\/eventi\/opera-2026-naples-millionaires\/\" class=\"absoluteInRelative\"><\/a><div class=\"eventCalendarDay\">12<\/div><div class=\"eventCalendarMonth\">June<\/div><div class=\"eventCalendarTerms\">Opera<\/div><h3 class=\"eventCalendarTitle\">Opera 2026 | Naples Millionaires<\/h3><div class=\"eventCalendarPlace\">Comunale Nouveau, 20:00<\/div><\/div><\/div><div class=\"swiper-slide craqEventCalendarSlide opera\"><div class=\"eventCalendarWrap\"><div class=\"absoluteInRelative backgroundCover eventCalendarImg lazyload\" style=\"background-image:inherit\" data-bg-image=\"url(&#039;https:\/\/www.tcbo.it\/wp-content\/uploads\/2023\/04\/basic_thumbnail_event_calendar.png&#039;)\"><\/div><a href=\"https:\/\/www.tcbo.it\/en\/eventi\/opera-2026-naples-millionaires\/\" class=\"absoluteInRelative\"><\/a><div class=\"eventCalendarDay\">13<\/div><div class=\"eventCalendarMonth\">June<\/div><div class=\"eventCalendarTerms\">Opera<\/div><h3 class=\"eventCalendarTitle\">Opera 2026 | Naples Millionaires<\/h3><div class=\"eventCalendarPlace\">Comunale Nouveau, 18:00<\/div><\/div><\/div><div class=\"swiper-slide craqEventCalendarSlide opera\"><div class=\"eventCalendarWrap\"><div class=\"absoluteInRelative backgroundCover eventCalendarImg lazyload\" style=\"background-image:inherit\" data-bg-image=\"url(&#039;https:\/\/www.tcbo.it\/wp-content\/uploads\/2023\/04\/basic_thumbnail_event_calendar.png&#039;)\"><\/div><a href=\"https:\/\/www.tcbo.it\/en\/eventi\/opera-2026-naples-millionaires\/\" class=\"absoluteInRelative\"><\/a><div class=\"eventCalendarDay\">14<\/div><div class=\"eventCalendarMonth\">June<\/div><div class=\"eventCalendarTerms\">Opera<\/div><h3 class=\"eventCalendarTitle\">Opera 2026 | Naples Millionaires<\/h3><div class=\"eventCalendarPlace\">Comunale Nouveau, 16:00<\/div><\/div><\/div><div class=\"swiper-slide craqEventCalendarSlide opera\"><div class=\"eventCalendarWrap\"><div class=\"absoluteInRelative backgroundCover eventCalendarImg lazyload\" style=\"background-image:inherit\" data-bg-image=\"url(&#039;https:\/\/www.tcbo.it\/wp-content\/uploads\/2023\/04\/basic_thumbnail_event_calendar.png&#039;)\"><\/div><a href=\"https:\/\/www.tcbo.it\/en\/eventi\/opera-2026-naples-millionaires\/\" class=\"absoluteInRelative\"><\/a><div class=\"eventCalendarDay\">16<\/div><div class=\"eventCalendarMonth\">June<\/div><div class=\"eventCalendarTerms\">Opera<\/div><h3 class=\"eventCalendarTitle\">Opera 2026 | Naples Millionaires<\/h3><div class=\"eventCalendarPlace\">Comunale Nouveau, 18:00<\/div><\/div><\/div><div class=\"swiper-slide craqEventCalendarSlide opera\"><div class=\"eventCalendarWrap\"><div class=\"absoluteInRelative backgroundCover eventCalendarImg lazyload\" style=\"background-image:inherit\" data-bg-image=\"url(&#039;https:\/\/www.tcbo.it\/wp-content\/uploads\/2023\/04\/basic_thumbnail_event_calendar.png&#039;)\"><\/div><a href=\"https:\/\/www.tcbo.it\/en\/eventi\/opera-2026-naples-millionaires\/\" class=\"absoluteInRelative\"><\/a><div class=\"eventCalendarDay\">17<\/div><div class=\"eventCalendarMonth\">June<\/div><div class=\"eventCalendarTerms\">Opera<\/div><h3 class=\"eventCalendarTitle\">Opera 2026 | Naples Millionaires<\/h3><div class=\"eventCalendarPlace\">Comunale Nouveau, 20:00<\/div><\/div><\/div><div class=\"swiper-slide craqEventCalendarSlide danza\"><div class=\"eventCalendarWrap\"><div class=\"absoluteInRelative backgroundCover eventCalendarImg lazyload\" style=\"background-image:inherit\" data-bg-image=\"url(&#039;https:\/\/www.tcbo.it\/wp-content\/uploads\/2023\/04\/basic_thumbnail_event_calendar.png&#039;)\"><\/div><a href=\"https:\/\/www.tcbo.it\/en\/eventi\/dance-2026-cluster\/\" class=\"absoluteInRelative\"><\/a><div class=\"eventCalendarDay\">24<\/div><div class=\"eventCalendarMonth\">June<\/div><div class=\"eventCalendarTerms\">Dance<\/div><h3 class=\"eventCalendarTitle\">Dance 2026 | Cluster<\/h3><div class=\"eventCalendarPlace\">Comunale Nouveau, 20:30<\/div><\/div><\/div><div class=\"swiper-slide craqEventCalendarSlide danza\"><div class=\"eventCalendarWrap\"><div class=\"absoluteInRelative backgroundCover eventCalendarImg lazyload\" style=\"background-image:inherit\" data-bg-image=\"url(&#039;https:\/\/www.tcbo.it\/wp-content\/uploads\/2023\/04\/basic_thumbnail_event_calendar.png&#039;)\"><\/div><a href=\"https:\/\/www.tcbo.it\/en\/eventi\/dance-2026-cluster\/\" class=\"absoluteInRelative\"><\/a><div class=\"eventCalendarDay\">25<\/div><div class=\"eventCalendarMonth\">June<\/div><div class=\"eventCalendarTerms\">Dance<\/div><h3 class=\"eventCalendarTitle\">Dance 2026 | Cluster<\/h3><div class=\"eventCalendarPlace\">Comunale Nouveau, 20:30<\/div><\/div><\/div><div class=\"swiper-slide craqEventCalendarSlide danza\"><div class=\"eventCalendarWrap\"><div class=\"absoluteInRelative backgroundCover eventCalendarImg lazyload\" style=\"background-image:inherit\" data-bg-image=\"url(&#039;https:\/\/www.tcbo.it\/wp-content\/uploads\/2023\/04\/basic_thumbnail_event_calendar.png&#039;)\"><\/div><a href=\"https:\/\/www.tcbo.it\/en\/eventi\/dance-2026-caravaggio\/\" class=\"absoluteInRelative\"><\/a><div class=\"eventCalendarDay\">8<\/div><div class=\"eventCalendarMonth\">October<\/div><div class=\"eventCalendarTerms\">Dance<\/div><h3 class=\"eventCalendarTitle\">Dance 2026 | Caravaggio<\/h3><div class=\"eventCalendarPlace\">Teatro EuropAuditorium, 20:30<\/div><\/div><\/div><div class=\"swiper-slide craqEventCalendarSlide danza\"><div class=\"eventCalendarWrap\"><div class=\"absoluteInRelative backgroundCover eventCalendarImg lazyload\" style=\"background-image:inherit\" data-bg-image=\"url(&#039;https:\/\/www.tcbo.it\/wp-content\/uploads\/2023\/04\/basic_thumbnail_event_calendar.png&#039;)\"><\/div><a href=\"https:\/\/www.tcbo.it\/en\/eventi\/dance-2026-caravaggio\/\" class=\"absoluteInRelative\"><\/a><div class=\"eventCalendarDay\">9<\/div><div class=\"eventCalendarMonth\">October<\/div><div class=\"eventCalendarTerms\">Dance<\/div><h3 class=\"eventCalendarTitle\">Dance 2026 | Caravaggio<\/h3><div class=\"eventCalendarPlace\">Teatro EuropAuditorium, 20:30<\/div><\/div><\/div><div class=\"swiper-slide craqEventCalendarSlide danza\"><div class=\"eventCalendarWrap\"><div class=\"absoluteInRelative backgroundCover eventCalendarImg lazyload\" style=\"background-image:inherit\" data-bg-image=\"url(&#039;https:\/\/www.tcbo.it\/wp-content\/uploads\/2023\/04\/basic_thumbnail_event_calendar.png&#039;)\"><\/div><a href=\"https:\/\/www.tcbo.it\/en\/eventi\/dance-2026-caravaggio\/\" class=\"absoluteInRelative\"><\/a><div class=\"eventCalendarDay\">10<\/div><div class=\"eventCalendarMonth\">October<\/div><div class=\"eventCalendarTerms\">Dance<\/div><h3 class=\"eventCalendarTitle\">Dance 2026 | Caravaggio<\/h3><div class=\"eventCalendarPlace\">Teatro EuropAuditorium, 16:00<\/div><\/div><\/div><div class=\"swiper-slide craqEventCalendarSlide danza\"><div class=\"eventCalendarWrap\"><div class=\"absoluteInRelative backgroundCover eventCalendarImg lazyload\" style=\"background-image:inherit\" data-bg-image=\"url(&#039;https:\/\/www.tcbo.it\/wp-content\/uploads\/2023\/04\/basic_thumbnail_event_calendar.png&#039;)\"><\/div><a href=\"https:\/\/www.tcbo.it\/en\/eventi\/dance-2026-caravaggio\/\" class=\"absoluteInRelative\"><\/a><div class=\"eventCalendarDay\">10<\/div><div class=\"eventCalendarMonth\">October<\/div><div class=\"eventCalendarTerms\">Dance<\/div><h3 class=\"eventCalendarTitle\">Dance 2026 | Caravaggio<\/h3><div class=\"eventCalendarPlace\">Teatro EuropAuditorium, 20:30<\/div><\/div><\/div><div class=\"swiper-slide craqEventCalendarSlide concerti\"><div class=\"eventCalendarWrap\"><div class=\"absoluteInRelative backgroundCover eventCalendarImg lazyload\" style=\"background-image:inherit\" data-bg-image=\"url(&#039;https:\/\/www.tcbo.it\/wp-content\/uploads\/2025\/11\/9_Sado_1080x1080.jpg&#039;)\"><\/div><a href=\"https:\/\/www.tcbo.it\/en\/eventi\/concerts-2026-symphony-sado\/\" class=\"absoluteInRelative\"><\/a><div class=\"eventCalendarDay\">16<\/div><div class=\"eventCalendarMonth\">October<\/div><div class=\"eventCalendarTerms\">Concerts<\/div><h3 class=\"eventCalendarTitle\">Concerts 2026 | Symphony &#8211; Sado<\/h3><div class=\"eventCalendarPlace\">Teatro Manzoni, 20:30<\/div><\/div><\/div><div class=\"swiper-slide craqEventCalendarSlide opera\"><div class=\"eventCalendarWrap\"><div class=\"absoluteInRelative backgroundCover eventCalendarImg lazyload\" style=\"background-image:inherit\" data-bg-image=\"url(&#039;https:\/\/www.tcbo.it\/wp-content\/uploads\/2023\/04\/basic_thumbnail_event_calendar.png&#039;)\"><\/div><a href=\"https:\/\/www.tcbo.it\/en\/eventi\/opera-2026-semele\/\" class=\"absoluteInRelative\"><\/a><div class=\"eventCalendarDay\">23<\/div><div class=\"eventCalendarMonth\">October<\/div><div class=\"eventCalendarTerms\">Opera<\/div><h3 class=\"eventCalendarTitle\">Opera 2026 | Semele<\/h3><div class=\"eventCalendarPlace\">Teatro Manzoni, 20:00<\/div><\/div><\/div><div class=\"swiper-slide craqEventCalendarSlide opera\"><div class=\"eventCalendarWrap\"><div class=\"absoluteInRelative backgroundCover eventCalendarImg lazyload\" style=\"background-image:inherit\" data-bg-image=\"url(&#039;https:\/\/www.tcbo.it\/wp-content\/uploads\/2023\/04\/basic_thumbnail_event_calendar.png&#039;)\"><\/div><a href=\"https:\/\/www.tcbo.it\/en\/eventi\/opera-2026-semele\/\" class=\"absoluteInRelative\"><\/a><div class=\"eventCalendarDay\">25<\/div><div class=\"eventCalendarMonth\">October<\/div><div class=\"eventCalendarTerms\">Opera<\/div><h3 class=\"eventCalendarTitle\">Opera 2026 | Semele<\/h3><div class=\"eventCalendarPlace\">Teatro Manzoni, 16:00<\/div><\/div><\/div><div class=\"swiper-slide craqEventCalendarSlide concerti\"><div class=\"eventCalendarWrap\"><div class=\"absoluteInRelative backgroundCover eventCalendarImg lazyload\" style=\"background-image:inherit\" data-bg-image=\"url(&#039;https:\/\/www.tcbo.it\/wp-content\/uploads\/2025\/11\/10_Abbado_1080x1080.jpg&#039;)\"><\/div><a href=\"https:\/\/www.tcbo.it\/en\/eventi\/concerts-2026-symphony-abbado\/\" class=\"absoluteInRelative\"><\/a><div class=\"eventCalendarDay\">26<\/div><div class=\"eventCalendarMonth\">October<\/div><div class=\"eventCalendarTerms\">Concerts<\/div><h3 class=\"eventCalendarTitle\">Concerts 2026 | Symphony &#8211; Abbado<\/h3><div class=\"eventCalendarPlace\">Teatro Manzoni, 20:30<\/div><\/div><\/div><div class=\"swiper-slide craqEventCalendarSlide concerti\"><div class=\"eventCalendarWrap\"><div class=\"absoluteInRelative backgroundCover eventCalendarImg lazyload\" style=\"background-image:inherit\" data-bg-image=\"url(&#039;https:\/\/www.tcbo.it\/wp-content\/uploads\/2025\/11\/11_Chauhan_1080x1080.jpg&#039;)\"><\/div><a href=\"https:\/\/www.tcbo.it\/en\/eventi\/concerts-2026-symphony-chauhan\/\" class=\"absoluteInRelative\"><\/a><div class=\"eventCalendarDay\">6<\/div><div class=\"eventCalendarMonth\">November<\/div><div class=\"eventCalendarTerms\">Concerts<\/div><h3 class=\"eventCalendarTitle\">Concerts 2026 | Symphony &#8211; Chauhan<\/h3><div class=\"eventCalendarPlace\">Teatro Manzoni, 20:30<\/div><\/div><\/div><div class=\"swiper-slide craqEventCalendarSlide opera\"><div class=\"eventCalendarWrap\"><div class=\"absoluteInRelative backgroundCover eventCalendarImg lazyload\" style=\"background-image:inherit\" data-bg-image=\"url(&#039;https:\/\/www.tcbo.it\/wp-content\/uploads\/2023\/04\/basic_thumbnail_event_calendar.png&#039;)\"><\/div><a href=\"https:\/\/www.tcbo.it\/en\/eventi\/opera-2026-samson-et-dalila\/\" class=\"absoluteInRelative\"><\/a><div class=\"eventCalendarDay\">13<\/div><div class=\"eventCalendarMonth\">November<\/div><div class=\"eventCalendarTerms\">Opera<\/div><h3 class=\"eventCalendarTitle\">Opera 2026 | Samson et Dalila<\/h3><div class=\"eventCalendarPlace\">Teatro Manzoni, 20:00<\/div><\/div><\/div><div class=\"swiper-slide craqEventCalendarSlide opera\"><div class=\"eventCalendarWrap\"><div class=\"absoluteInRelative backgroundCover eventCalendarImg lazyload\" style=\"background-image:inherit\" data-bg-image=\"url(&#039;https:\/\/www.tcbo.it\/wp-content\/uploads\/2023\/04\/basic_thumbnail_event_calendar.png&#039;)\"><\/div><a href=\"https:\/\/www.tcbo.it\/en\/eventi\/opera-2026-samson-et-dalila\/\" class=\"absoluteInRelative\"><\/a><div class=\"eventCalendarDay\">15<\/div><div class=\"eventCalendarMonth\">November<\/div><div class=\"eventCalendarTerms\">Opera<\/div><h3 class=\"eventCalendarTitle\">Opera 2026 | Samson et Dalila<\/h3><div class=\"eventCalendarPlace\">Teatro Manzoni, 16:00<\/div><\/div><\/div><div class=\"swiper-slide craqEventCalendarSlide concerti\"><div class=\"eventCalendarWrap\"><div class=\"absoluteInRelative backgroundCover eventCalendarImg lazyload\" style=\"background-image:inherit\" data-bg-image=\"url(&#039;https:\/\/www.tcbo.it\/wp-content\/uploads\/2025\/11\/12_Bolton_1080x1080.jpg&#039;)\"><\/div><a href=\"https:\/\/www.tcbo.it\/en\/eventi\/concerts-2026-symphony-bolton\/\" class=\"absoluteInRelative\"><\/a><div class=\"eventCalendarDay\">20<\/div><div class=\"eventCalendarMonth\">November<\/div><div class=\"eventCalendarTerms\">Concerts<\/div><h3 class=\"eventCalendarTitle\">Concerts 2026 | Symphony &#8211; Bolton<\/h3><div class=\"eventCalendarPlace\">Teatro Manzoni, 20:30<\/div><\/div><\/div><div class=\"swiper-slide craqEventCalendarSlide concerti\"><div class=\"eventCalendarWrap\"><div class=\"absoluteInRelative backgroundCover eventCalendarImg lazyload\" style=\"background-image:inherit\" data-bg-image=\"url(&#039;https:\/\/www.tcbo.it\/wp-content\/uploads\/2023\/04\/basic_thumbnail_event_calendar.png&#039;)\"><\/div><a href=\"https:\/\/www.tcbo.it\/en\/eventi\/concerts-2026-joy-symphony-no-7\/\" class=\"absoluteInRelative\"><\/a><div class=\"eventCalendarDay\">22<\/div><div class=\"eventCalendarMonth\">November<\/div><div class=\"eventCalendarTerms\">Concerts<\/div><h3 class=\"eventCalendarTitle\">Concerts 2026 | Joy &#8211; Symphony No. 7<\/h3><div class=\"eventCalendarPlace\">Teatro Manzoni, 11:00<\/div><\/div><\/div><div class=\"swiper-slide craqEventCalendarSlide danza\"><div class=\"eventCalendarWrap\"><div class=\"absoluteInRelative backgroundCover eventCalendarImg lazyload\" style=\"background-image:inherit\" data-bg-image=\"url(&#039;https:\/\/www.tcbo.it\/wp-content\/uploads\/2023\/04\/basic_thumbnail_event_calendar.png&#039;)\"><\/div><a href=\"https:\/\/www.tcbo.it\/en\/eventi\/dance-2026-morricone-night\/\" class=\"absoluteInRelative\"><\/a><div class=\"eventCalendarDay\">28<\/div><div class=\"eventCalendarMonth\">November<\/div><div class=\"eventCalendarTerms\">Dance<\/div><h3 class=\"eventCalendarTitle\">Dance 2026 | Morricone Night<\/h3><div class=\"eventCalendarPlace\">Teatro EuropAuditorium, 20:30<\/div><\/div><\/div><div class=\"swiper-slide craqEventCalendarSlide danza\"><div class=\"eventCalendarWrap\"><div class=\"absoluteInRelative backgroundCover eventCalendarImg lazyload\" style=\"background-image:inherit\" data-bg-image=\"url(&#039;https:\/\/www.tcbo.it\/wp-content\/uploads\/2023\/04\/basic_thumbnail_event_calendar.png&#039;)\"><\/div><a href=\"https:\/\/www.tcbo.it\/en\/eventi\/dance-2026-morricone-night\/\" class=\"absoluteInRelative\"><\/a><div class=\"eventCalendarDay\">29<\/div><div class=\"eventCalendarMonth\">November<\/div><div class=\"eventCalendarTerms\">Dance<\/div><h3 class=\"eventCalendarTitle\">Dance 2026 | Morricone Night<\/h3><div class=\"eventCalendarPlace\">Teatro EuropAuditorium, 16:00<\/div><\/div><\/div><div class=\"swiper-slide craqEventCalendarSlide concerti\"><div class=\"eventCalendarWrap\"><div class=\"absoluteInRelative backgroundCover eventCalendarImg lazyload\" style=\"background-image:inherit\" data-bg-image=\"url(&#039;https:\/\/www.tcbo.it\/wp-content\/uploads\/2025\/11\/13_Angius_1080x1080.jpg&#039;)\"><\/div><a href=\"https:\/\/www.tcbo.it\/en\/eventi\/concerts-2026-symphony-angius\/\" class=\"absoluteInRelative\"><\/a><div class=\"eventCalendarDay\">11<\/div><div class=\"eventCalendarMonth\">December<\/div><div class=\"eventCalendarTerms\">Concerts<\/div><h3 class=\"eventCalendarTitle\">Concerts 2026 | Symphony &#8211; Angius<\/h3><div class=\"eventCalendarPlace\">Teatro Manzoni, 20:30<\/div><\/div><\/div><div class=\"swiper-slide craqEventCalendarSlide concerti\"><div class=\"eventCalendarWrap\"><div class=\"absoluteInRelative backgroundCover eventCalendarImg lazyload\" style=\"background-image:inherit\" data-bg-image=\"url(&#039;https:\/\/www.tcbo.it\/wp-content\/uploads\/2023\/04\/basic_thumbnail_event_calendar.png&#039;)\"><\/div><a href=\"https:\/\/www.tcbo.it\/en\/eventi\/concerts-2026-joy-symphony-no-8\/\" class=\"absoluteInRelative\"><\/a><div class=\"eventCalendarDay\">13<\/div><div class=\"eventCalendarMonth\">December<\/div><div class=\"eventCalendarTerms\">Concerts<\/div><h3 class=\"eventCalendarTitle\">Concerts 2026 | Joy &#8211; Symphony No. 8<\/h3><div class=\"eventCalendarPlace\">Teatro Manzoni, 11:00<\/div><\/div><\/div><div class=\"swiper-slide craqEventCalendarSlide concerti\"><div class=\"eventCalendarWrap\"><div class=\"absoluteInRelative backgroundCover eventCalendarImg lazyload\" style=\"background-image:inherit\" data-bg-image=\"url(&#039;https:\/\/www.tcbo.it\/wp-content\/uploads\/2025\/11\/14_Stenz_1080x1080.jpg&#039;)\"><\/div><a href=\"https:\/\/www.tcbo.it\/en\/eventi\/concerts-2026-symphony-stenz\/\" class=\"absoluteInRelative\"><\/a><div class=\"eventCalendarDay\">31<\/div><div class=\"eventCalendarMonth\">December<\/div><div class=\"eventCalendarTerms\">Concerts<\/div><h3 class=\"eventCalendarTitle\">Concerts 2026 | Symphony &#8211; Stenz<\/h3><div class=\"eventCalendarPlace\">Teatro Manzoni, 16:00<\/div><\/div><\/div><\/div><\/div><div class=\"swiper-buttons-container\"><div class=\"swiper-button-prev\"><\/div><div class=\"swiper-button-next\"><\/div><\/div>[\/vc_column_text][\/vc_column][\/vc_row][vc_row row_height_percent=&#8221;25&#8243; override_padding=&#8221;yes&#8221; h_padding=&#8221;2&#8243; top_padding=&#8221;2&#8243; bottom_padding=&#8221;2&#8243; overlay_alpha=&#8221;0&#8243; gutter_size=&#8221;3&#8243; column_width_percent=&#8221;100&#8243; shift_y=&#8221;2&#8243; z_index=&#8221;1&#8243; enable_top_divider=&#8221;default&#8221; shape_top_h_use_pixel=&#8221;&#8221; shape_top_height=&#8221;150&#8243; shape_top_opacity=&#8221;100&#8243; shape_top_index=&#8221;0&#8243; enable_bottom_divider=&#8221;default&#8221; shape_bottom_h_use_pixel=&#8221;&#8221; shape_bottom_height=&#8221;150&#8243; shape_bottom_opacity=&#8221;100&#8243; shape_bottom_index=&#8221;0&#8243; uncode_shortcode_id=&#8221;661656&#8243; row_height_pixel=&#8221;100&#8243; back_color_type=&#8221;uncode-solid&#8221; back_color_solid=&#8221;#246cbb&#8221;][vc_column column_width_percent=&#8221;80&#8243; align_horizontal=&#8221;align_center&#8221; gutter_size=&#8221;3&#8243; override_padding=&#8221;yes&#8221; column_padding=&#8221;0&#8243; back_color=&#8221;color-xsdn&#8221; overlay_alpha=&#8221;75&#8243; shift_x=&#8221;0&#8243; shift_y=&#8221;-2&#8243; shift_y_down=&#8221;-1&#8243; z_index=&#8221;2&#8243; medium_width=&#8221;0&#8243; mobile_width=&#8221;0&#8243; shadow=&#8221;sm&#8221; shadow_darker=&#8221;yes&#8221; width=&#8221;1\/1&#8243; uncode_shortcode_id=&#8221;157802&#8243; back_color_type=&#8221;uncode-palette&#8221;][vc_row_inner row_inner_height_percent=&#8221;0&#8243; overlay_alpha=&#8221;50&#8243; gutter_size=&#8221;3&#8243; shift_y=&#8221;0&#8243; z_index=&#8221;0&#8243; uncode_shortcode_id=&#8221;811325&#8243; limit_content=&#8221;&#8221;][vc_column_inner column_width_percent=&#8221;100&#8243; align_horizontal=&#8221;align_center&#8221; gutter_size=&#8221;3&#8243; overlay_alpha=&#8221;29&#8243; shift_x=&#8221;0&#8243; shift_y=&#8221;0&#8243; shift_y_down=&#8221;0&#8243; z_index=&#8221;0&#8243; medium_width=&#8221;0&#8243; mobile_width=&#8221;0&#8243; radius=&#8221;lg&#8221; width=&#8221;1\/1&#8243; uncode_shortcode_id=&#8221;128115&#8243;][vc_custom_heading text_font=&#8221;font-168876&#8243; uncode_shortcode_id=&#8221;207807&#8243;]<\/p>\n<h3 style=\"text-align: center;\"><span class=\"font-168876\" style=\"color: #808000;\"><span style=\"caret-color: #ff0000;\">SYMPHONIC SEASON 2025<br \/>\n<\/span><\/span><\/h3>\n<h2 style=\"text-align: center;\"><span class=\"font-531579\" style=\"color: #222b56;\"><span style=\"caret-color: #ff0000;\">Alvise Casellati <em>director<\/em><\/span><\/span><\/h2>\n<h3 style=\"text-align: center;\"><span class=\"font-531579\" style=\"color: #222b56;\"><span style=\"caret-color: #ff0000;\">Xuefei Yang <em>guitar<\/em><\/span><\/span><\/h3>\n<h4 style=\"text-align: center;\"><span class=\"font-168876\" style=\"color: #808080;\"><span style=\"caret-color: #ff0000;\">DVO\u0158\u00e1k | CAMPOGRANDE<\/span><\/span><\/h4>\n<p>[\/vc_custom_heading][\/vc_column_inner][\/vc_row_inner][\/vc_column][\/vc_row][vc_row][vc_column width=&#8221;2\/3&#8243;][vc_row_inner row_inner_height_percent=&#8221;0&#8243; overlay_alpha=&#8221;50&#8243; gutter_size=&#8221;3&#8243; shift_y=&#8221;0&#8243; z_index=&#8221;0&#8243; mobile_visibility=&#8221;yes&#8221; limit_content=&#8221;&#8221; uncode_shortcode_id=&#8221;122470&#8243;][vc_column_inner width=&#8221;1\/2&#8243;][vc_column_text uncode_shortcode_id=&#8221;131895&#8243;]<\/p>\n<h5 style=\"text-align: center;\"><span style=\"color: #808080;\">Director<\/span><\/h5>\n<p>[\/vc_column_text][vc_single_image media=&#8221;113481&#8243; media_width_percent=&#8221;35&#8243; alignment=&#8221;center&#8221; advanced=&#8221;yes&#8221; media_items=&#8221;title,media|original,description&#8221; media_text=&#8221;under&#8221; media_overlay_color=&#8221;color-xsdn&#8221; media_overlay_opacity=&#8221;25&#8243; media_h_align=&#8221;center&#8221; media_padding=&#8221;1&#8243; media_title_dimension=&#8221;fontsize-160000&#8243; uncode_shortcode_id=&#8221;461519&#8243; media_overlay_color_type=&#8221;uncode-palette&#8221; media_link=&#8221;url:https%3A%2F%2Fwww.alvisecasellati.com&#8221;][\/vc_column_inner][vc_column_inner width=&#8221;1\/2&#8243;][vc_column_text uncode_shortcode_id=&#8221;537103&#8243;]<\/p>\n<h5 style=\"text-align: center;\"><span style=\"color: #808080;\">Guitar<\/span><\/h5>\n<p>[\/vc_column_text][vc_single_image media=&#8221;114088&#8243; media_width_percent=&#8221;35&#8243; alignment=&#8221;center&#8221; advanced=&#8221;yes&#8221; media_items=&#8221;title,media|original,description&#8221; media_text=&#8221;under&#8221; media_overlay_color=&#8221;color-xsdn&#8221; media_overlay_opacity=&#8221;25&#8243; media_h_align=&#8221;center&#8221; media_padding=&#8221;1&#8243; media_title_dimension=&#8221;fontsize-160000&#8243; uncode_shortcode_id=&#8221;674138&#8243; media_overlay_color_type=&#8221;uncode-palette&#8221;][\/vc_column_inner][\/vc_row_inner][\/vc_column][vc_column column_width_percent=&#8221;100&#8243; align_horizontal=&#8221;align_center&#8221; gutter_size=&#8221;3&#8243; overlay_alpha=&#8221;60&#8243; shift_x=&#8221;0&#8243; shift_y=&#8221;0&#8243; shift_y_down=&#8221;0&#8243; z_index=&#8221;0&#8243; medium_width=&#8221;0&#8243; mobile_width=&#8221;0&#8243; width=&#8221;1\/3&#8243; uncode_shortcode_id=&#8221;527282&#8243;][vc_row_inner limit_content=&#8221;&#8221;][vc_column_inner column_width_percent=&#8221;100&#8243; align_horizontal=&#8221;align_center&#8221; gutter_size=&#8221;3&#8243; back_color=&#8221;color-lxmt&#8221; overlay_alpha=&#8221;50&#8243; shift_x=&#8221;0&#8243; shift_y=&#8221;0&#8243; shift_y_down=&#8221;0&#8243; z_index=&#8221;0&#8243; medium_width=&#8221;0&#8243; mobile_width=&#8221;0&#8243; width=&#8221;1\/1&#8243; uncode_shortcode_id=&#8221;924414&#8243; back_color_type=&#8221;uncode-palette&#8221;][vc_column_text uncode_shortcode_id=&#8221;162082&#8243;]<\/p>\n<h4 style=\"text-align: center;\"><span style=\"color: #1b120b;\">FEB. 2 | 5:30 P.M.<br \/>\n<\/span><span style=\"color: #1b120b;\">Manzoni Auditorium<\/span><\/h4>\n<p>[\/vc_column_text][vc_button button_color=&#8221;color-742106&#8243; radius=&#8221;btn-round&#8221; border_width=&#8221;0&#8243; link=&#8221;url:https%3A%2F%2Ftcbo.vivaticket.it%2Fit%2Fevent%2F2-sinfonica-2025-casellati%2F251891|target:_blank|&#8221; button_color_type=&#8221;uncode-palette&#8221; uncode_shortcode_id=&#8221;177323&#8243;]BUY YOUR TICKET[\/vc_button][vc_button button_color=&#8221;color-742106&#8243; radius=&#8221;btn-round&#8221; border_width=&#8221;0&#8243; link=&#8221;url:https%3A%2F%2Fwww.tcbo.it%2Fen%2Fsymphonic-season-subscriptions-2025%2F|title:Symphony%20Season%20Subscriptions%202025|target:_blank|&#8221; button_color_type=&#8221;uncode-palette&#8221; uncode_shortcode_id=&#8221;106339&#8243;]SYMPHONY SEASON 2025 SUBSCRIBERS[\/vc_button][\/vc_column_inner][\/vc_row_inner][\/vc_column][\/vc_row][vc_row row_height_percent=&#8221;0&#8243; back_color=&#8221;color-lxmt&#8221; overlay_alpha=&#8221;50&#8243; gutter_size=&#8221;3&#8243; column_width_percent=&#8221;100&#8243; shift_y=&#8221;0&#8243; z_index=&#8221;0&#8243; top_divider=&#8221;gradient&#8221; bottom_divider=&#8221;gradient&#8221; desktop_visibility=&#8221;yes&#8221; medium_visibility=&#8221;yes&#8221; uncode_shortcode_id=&#8221;124288&#8243; back_color_type=&#8221;uncode-palette&#8221;][vc_column width=&#8221;1\/1&#8243;][vc_column_text uncode_shortcode_id=&#8221;162837&#8243;]<\/p>\n<h4 style=\"text-align: center;\"><span style=\"color: #1b120b;\">PROGRAM<\/span><\/h4>\n<p>[\/vc_column_text][vc_column_text uncode_shortcode_id=&#8221;172469&#8243;]<\/p>\n<h4 style=\"text-align: center;\"><span style=\"color: #246cbb; font-family: Crimson Text;\"><span style=\"caret-color: #246cbb;\"><i>Antonin Dvo\u0159\u00e1k<\/i><\/span><\/span><\/h4>\n<p style=\"text-align: center;\">&#8220;Carnival Overture,&#8221; op. 92 B. 169<\/p>\n<h4 style=\"text-align: center;\"><span style=\"color: #246cbb; font-family: Crimson Text;\"><span style=\"caret-color: #246cbb;\"><i>Nicola Campogrande<\/i><\/span><\/span><\/h4>\n<p style=\"text-align: center;\">Concerto allegro for guitar and orchestra<\/p>\n<h4 style=\"text-align: center;\"><span style=\"color: #246cbb; font-family: Crimson Text;\"><span style=\"caret-color: #246cbb;\"><i>Antonin Dvo\u0159\u00e1k<\/i><\/span><\/span><\/h4>\n<p style=\"text-align: center;\"><em>Symphony No. 9 in E minor <\/em>, op. 95 &#8220;From the New World&#8221;<\/p>\n<p>[\/vc_column_text][\/vc_column][\/vc_row][vc_row row_height_percent=&#8221;0&#8243; back_color=&#8221;color-lxmt&#8221; overlay_alpha=&#8221;50&#8243; gutter_size=&#8221;3&#8243; column_width_percent=&#8221;100&#8243; shift_y=&#8221;0&#8243; z_index=&#8221;0&#8243; top_divider=&#8221;gradient&#8221; bottom_divider=&#8221;gradient&#8221; uncode_shortcode_id=&#8221;303552&#8243; back_color_type=&#8221;uncode-palette&#8221;][vc_column width=&#8221;1\/1&#8243;][vc_column_text uncode_shortcode_id=&#8221;162837&#8243;]<\/p>\n<h4 style=\"text-align: center;\"><span style=\"color: #1b120b;\">PROGRAM<\/span><\/h4>\n<p>[\/vc_column_text][vc_row_inner limit_content=&#8221;&#8221;][vc_column_inner width=&#8221;1\/4&#8243;][vc_single_image media=&#8221;101368&#8243; media_width_percent=&#8221;35&#8243; alignment=&#8221;center&#8221; advanced=&#8221;yes&#8221; media_items=&#8221;title,media|original,description&#8221; media_text=&#8221;under&#8221; media_overlay_color=&#8221;color-xsdn&#8221; media_overlay_opacity=&#8221;25&#8243; media_h_align=&#8221;center&#8221; media_padding=&#8221;1&#8243; media_title_dimension=&#8221;fontsize-160000&#8243; uncode_shortcode_id=&#8221;209674&#8243; media_overlay_color_type=&#8221;uncode-palette&#8221;][\/vc_column_inner][vc_column_inner width=&#8221;3\/4&#8243;][vc_column_text uncode_shortcode_id=&#8221;142372&#8243;]<\/p>\n<h4 style=\"text-align: center;\"><span style=\"color: #246cbb; font-family: Crimson Text;\"><span style=\"caret-color: #246cbb;\"><i>Nicola Campogrande<\/i><\/span><\/span><\/h4>\n<p style=\"text-align: center;\"><strong>&#8220;Concerto allegro&#8221; for guitar and orchestra<br \/>\n<span style=\"color: #246cbb;\">First Italian performance<\/span><\/strong>[\/vc_column_text][\/vc_column_inner][\/vc_row_inner][vc_row_inner limit_content=&#8221;&#8221;][vc_column_inner width=&#8221;1\/4&#8243;][vc_single_image media=&#8221;114452&#8243; media_width_percent=&#8221;35&#8243; alignment=&#8221;center&#8221; advanced=&#8221;yes&#8221; media_items=&#8221;title,media|original,description&#8221; media_text=&#8221;under&#8221; media_overlay_color=&#8221;color-xsdn&#8221; media_overlay_opacity=&#8221;25&#8243; media_h_align=&#8221;center&#8221; media_padding=&#8221;1&#8243; media_title_dimension=&#8221;fontsize-160000&#8243; uncode_shortcode_id=&#8221;202139&#8243; media_overlay_color_type=&#8221;uncode-palette&#8221;][\/vc_column_inner][vc_column_inner width=&#8221;3\/4&#8243;][vc_column_text uncode_shortcode_id=&#8221;807879&#8243;]<\/p>\n<h4 style=\"text-align: center;\"><span style=\"color: #246cbb; font-family: Crimson Text;\"><span style=\"caret-color: #246cbb;\"><i>Anton\u00edn Dvo\u0159\u00e1k<\/i><\/span><\/span><\/h4>\n<p style=\"text-align: center;\"><strong>&#8220;Carnival Overture,&#8221; op. 92 B. 169<\/strong><\/p>\n<p style=\"text-align: center;\">&#8220;Composed and dedicated to the University of Prague by Anton\u00edn Dvor\u00e1k for the honorary degree conferred on him.&#8221; So reads the dedication of the &#8220;Carnival&#8221; Overture, one of the last works by the Bohemian composer, who is also &#8220;fixed&#8221; among the cultural fathers of his homeland in the large fresco that stands in one of the foyers of Prague&#8217;s Smetana Hall, the capital&#8217;s main auditorium. The occasion piece, dated 1901, is articulated in sonata form, with a vigorous allegro full of momentum, an andantino in G minor with rustic references-almost a lyrical intermezzo-and finally a reprise of the first theme, rhythmically festive, a trademark of Dvorak&#8217;s genuinely national music.  <\/p>\n<p style=\"text-align: center;\"><strong><em>Symphony No. 9 in E minor <\/em>, op. 95 &#8220;From the New World&#8221;<\/strong><\/p>\n<p style=\"text-align: center;\">There is an American story of social integration behind Anton\u00edn Dvo\u0159\u00e1k&#8217;s symphonic masterpiece. In 1892, the Bohemian composer was invited by patron Jeannette Thurber to direct the National Conservatory of Music in New York, one of the first schools to admit women and African Americans. For this forward-thinking woman, it was crucial that the fledgling musical institution be led by an eminent European musician. Dvo\u0159\u00e1k hesitated for a long time, until he was persuaded to accept the munificent offer of $15,000 annually, on the condition that he could return home during the summer months. Under his direction, the Conservatory became a model of avant-garde and meritocracy. Among the students was the future African-American composer Harry Burleigh, who introduced Dvo\u0159\u00e1k to the endless repertoire of spirituals. Combining the two popular heritages &#8211; the Bohemian and the American &#8211; created the conditions for Symphony No. 9 &#8220;From the New World,&#8221; which debuted with enormous success at Carnegie Hall in 1893 and became a landmark of symphonism of all time.       <span class=\"Apple-converted-space\"> <\/span><\/p>\n<p>[\/vc_column_text][\/vc_column_inner][\/vc_row_inner][\/vc_column][\/vc_row][vc_row row_height_percent=&#8221;0&#8243; back_color=&#8221;color-lxmt&#8221; overlay_alpha=&#8221;50&#8243; gutter_size=&#8221;3&#8243; column_width_percent=&#8221;100&#8243; shift_y=&#8221;0&#8243; z_index=&#8221;0&#8243; top_divider=&#8221;gradient&#8221; bottom_divider=&#8221;gradient&#8221; desktop_visibility=&#8221;yes&#8221; medium_visibility=&#8221;yes&#8221; mobile_visibility=&#8221;yes&#8221; uncode_shortcode_id=&#8221;757098&#8243; back_color_type=&#8221;uncode-palette&#8221;][vc_column width=&#8221;1\/1&#8243;][vc_column_text uncode_shortcode_id=&#8221;162837&#8243;]<\/p>\n<h4 style=\"text-align: center;\"><span style=\"color: #1b120b;\">PROGRAM<\/span><\/h4>\n<p>[\/vc_column_text][\/vc_column][\/vc_row][vc_row row_height_percent=&#8221;0&#8243; overlay_alpha=&#8221;50&#8243; gutter_size=&#8221;3&#8243; column_width_percent=&#8221;100&#8243; shift_y=&#8221;0&#8243; z_index=&#8221;0&#8243; desktop_visibility=&#8221;yes&#8221; medium_visibility=&#8221;yes&#8221; mobile_visibility=&#8221;yes&#8221; uncode_shortcode_id=&#8221;214123&#8243;][vc_column width=&#8221;1\/4&#8243;][vc_single_image media=&#8221;108713&#8243; media_width_percent=&#8221;35&#8243; alignment=&#8221;center&#8221; advanced=&#8221;yes&#8221; media_items=&#8221;title,media|original,description&#8221; media_text=&#8221;under&#8221; media_overlay_color=&#8221;color-xsdn&#8221; media_overlay_opacity=&#8221;25&#8243; media_h_align=&#8221;center&#8221; media_padding=&#8221;1&#8243; media_title_dimension=&#8221;fontsize-160000&#8243; uncode_shortcode_id=&#8221;204621&#8243; media_overlay_color_type=&#8221;uncode-palette&#8221;][\/vc_column][vc_column width=&#8221;3\/4&#8243;][vc_column_text uncode_shortcode_id=&#8221;985107&#8243;]<\/p>\n<h4><span style=\"color: #246cbb; font-family: Crimson Text;\"><span style=\"caret-color: #246cbb;\"><i>Overture, &#8220;Le Carnaval Romain&#8221;<\/i><\/span><\/span><\/h4>\n<p><em>In 1844 Hector Berlioz, among the great fathers of French Romanticism and one of the greatest innovators in the symphonic field, wrote a concert piece in A major with an extensive solo part reserved for the English horn. Thus was born the Overture &#8220;Le Carnaval romain,&#8221; a brilliant piece of broad melodic generosity, full of themes from the opera Benvenuto Cellini, composed six years earlier. <span class=\"Apple-converted-space\">  <\/span>The themes of the opera used, in fact, are those related to the Roman carnival scenes from which the overture takes its title.<\/em>[\/vc_column_text][\/vc_column][\/vc_row][vc_row row_height_percent=&#8221;0&#8243; overlay_alpha=&#8221;50&#8243; gutter_size=&#8221;3&#8243; column_width_percent=&#8221;100&#8243; shift_y=&#8221;0&#8243; z_index=&#8221;0&#8243; desktop_visibility=&#8221;yes&#8221; medium_visibility=&#8221;yes&#8221; mobile_visibility=&#8221;yes&#8221; uncode_shortcode_id=&#8221;152793&#8243;][vc_column width=&#8221;1\/4&#8243;][vc_single_image media=&#8221;66276&#8243; media_width_percent=&#8221;35&#8243; alignment=&#8221;center&#8221; advanced=&#8221;yes&#8221; media_items=&#8221;title,media|original,description&#8221; media_text=&#8221;under&#8221; media_overlay_color=&#8221;color-xsdn&#8221; media_overlay_opacity=&#8221;25&#8243; media_h_align=&#8221;center&#8221; media_padding=&#8221;1&#8243; media_title_dimension=&#8221;fontsize-160000&#8243; uncode_shortcode_id=&#8221;365291&#8243; media_overlay_color_type=&#8221;uncode-palette&#8221;][\/vc_column][vc_column width=&#8221;3\/4&#8243;][vc_column_text uncode_shortcode_id=&#8221;650756&#8243;]<\/p>\n<h4><span class=\"font-531579\" style=\"color: #246cbb;\"><em>&#8220;Pr\u00e8lude \u00e0 l&#8217;apr\u00e8s-midi d&#8217;un faune.&#8221;<\/em><\/span><\/h4>\n<p><em>The notes are released like sensual exhalations in &#8220;Pr\u00e9lude a l&#8217;apr\u00e8s-midi d&#8217;un faune&#8221; (1892-94) Claude Debussy&#8217;s first great symphonic masterpiece, which is immediately presented with its &#8220;new breath&#8221; (Pierre Boulez&#8217;s definition) thanks to the flute&#8217;s enigmatic opening phrase, &#8220;so full of voluptuousness as to become anguished,&#8221; Vladimir Jank\u00e9l\u00e9vitch&#8217;s words.<\/em>[\/vc_column_text][\/vc_column][\/vc_row][vc_row row_height_percent=&#8221;0&#8243; overlay_alpha=&#8221;50&#8243; gutter_size=&#8221;3&#8243; column_width_percent=&#8221;100&#8243; shift_y=&#8221;0&#8243; z_index=&#8221;0&#8243; top_divider=&#8221;gradient&#8221; bottom_divider=&#8221;gradient&#8221; desktop_visibility=&#8221;yes&#8221; medium_visibility=&#8221;yes&#8221; uncode_shortcode_id=&#8221;145877&#8243;][vc_column width=&#8221;1\/1&#8243;][vc_column_text uncode_shortcode_id=&#8221;161060&#8243;]<\/p>\n<h3 style=\"text-align: center;\"><span class=\"font-762333\" style=\"color: #1b120b;\">ORCHESTRA DEL TEATRO COMUNALE DI BOLOGNA<\/span><\/h3>\n<p>[\/vc_column_text][\/vc_column][\/vc_row][vc_row row_height_percent=&#8221;0&#8243; overlay_alpha=&#8221;50&#8243; gutter_size=&#8221;3&#8243; column_width_percent=&#8221;100&#8243; shift_y=&#8221;0&#8243; z_index=&#8221;0&#8243; top_divider=&#8221;gradient&#8221; bottom_divider=&#8221;gradient&#8221; mobile_visibility=&#8221;yes&#8221; uncode_shortcode_id=&#8221;118489&#8243;][vc_column width=&#8221;1\/1&#8243;][vc_column_text uncode_shortcode_id=&#8221;161060&#8243;]<\/p>\n<h3 style=\"text-align: center;\"><span class=\"font-762333\" style=\"color: #1b120b;\">ORCHESTRA DEL TEATRO COMUNALE DI BOLOGNA<\/span><\/h3>\n<p>[\/vc_column_text][vc_single_image media=&#8221;108361&#8243; media_width_percent=&#8221;76&#8243; alignment=&#8221;center&#8221; uncode_shortcode_id=&#8221;256005&#8243;][vc_column_text text_lead=&#8221;small&#8221; uncode_shortcode_id=&#8221;235746&#8243;]<\/p>\n<p style=\"text-align: center;\">An orchestra of great tradition, Sergiu Celibidache, Zolt\u00e1nPesk\u00f3, Vladimir Delman, Riccardo Chailly, Daniele Gatti, and Michele Mariotti have taken turns at its helm as music directors. Among the conductors who have led the ensemble are Gary Bertini, Myung-Whun Chung, James Conlon, Pinchas Steinberg, Valery Gergiev, Eliau Inbal, Vladimir Jurowskij, Daniel Oren, Peter Maag, Neville Marriner, Kurt Masur, Riccardo Muti, Mstislav Rostropovi\u010d, Esa Pekka Salonen, Georg Solti, Christian Thielemann, Charles Dutoit, Georges Pr\u00eatre. The Teatro Comunale Orchestra is frequently invited abroad (Holland, Romania, Spain, France and Switzerland) and has participated in prestigious festivals (Amsterdam 1987, Parma 1990, Wiesbaden 1994, Santander 2004 and 2008, Aix en Provence 2005, Savonlinna 2006, Macau 2013, Muscat 2015, Guanajuato in Mexico 2017, Paris 2018). A privileged relationship with Japan has resulted in several tours, most recently in June 2019 in Osaka, Tokyo, Yokohama, Fukuoka, with <i>Rigoletto<\/i> and <i>Il barbiere di Siviglia<\/i>.   <\/p>\n<p style=\"text-align: center;\">Numerous record productions, including <i>La Favorita <\/i>diretta da Richard Bonynge, <i>Oberto Conte di San Bonifacio<\/i> diretto da Zolt\u00e1n Pesk\u00f3, <i>Il barbiere di Siviglia <\/i>diretto da Giuseppe Patan\u00e9, <i>La figlia del reggimento<\/i> diretta da Bruno Campanella, <i>Le maschere<\/i> e <i>La boh\u00e8me<\/i> dirette da Gianluigi Gelmetti, <i>La scala di seta<\/i> diretta da Gabriele Ferro, <i>Macbeth<\/i>, <i>Manon Lescaut<\/i>, <i>Rigoletto<\/i>, <i>La cenerentola, Messa Solenne <\/i>e le produzioni videografiche dei <i>Vespri siciliani <\/i>e di <i>Giovanna d\u2019Arco<\/i> e <i>Werther<\/i> dirette da Riccardo Chailly, <i>Armida<\/i> diretta da Daniele Gatti,                <i>Simon Boccanegra<\/i> e <i>Attila <\/i>diretti da Michele Mariotti <i>.<\/i><\/p>\n<p style=\"text-align: center;\">The Orchestra, led by Mariotti, has recorded for Decca a CD of sacred arias with Juan Diego Fl\u00f3rez<i> <\/i>and for Sony an album of romantic arias with Nino Machaidze; for Deutsche Grammophon <i>Le Comte Ory<\/i> with <i>Fl\u00f3rez<\/i> and <i>La Nuit de Mai<\/i>, opera arias and songs by Leoncavallo, with Placido Domingo; and for the PENTATONE label a CD of Rossini overtures to celebrate 150 years since the composer&#8217;s death.In April 2021 the orchestra recorded for Deutsche Grammophon a forthcoming disc with tenor Benjamin Bernheim and Fr\u00e9d\u00e9ric Chaslin on the podium.<\/p>\n<p style=\"text-align: center;\">Nel marzo 2013 i corpi artistici del Teatro Comunale di Bologna diretti da Mariotti sono stati protagonisti del concerto inaugurale del IV Festival internazionale Mstislav Rostropovich di Mosca eseguendo la <i>Messa da Requiem<\/i> di Verdi. Poi nell\u2019ottobre del 2015 hanno inaugurato la rassegna Lingotto Musica presso l\u2019Auditorium Giovanni Agnelli di Torino, dove hanno eseguito lo <i>Stabat Mater<\/i>, l\u2019Ouverture e le Danze dal <i>Guillaume Tell<\/i> di Rossini. Inoltre, la nuova produzione della <i>Boh\u00e8me <\/i>al Teatro Comunale, con la regia di Graham Vick e la direzione di Mariotti, ha vinto il Premio Abbiati come miglior spettacolo del 2018.  <\/p>\n<p style=\"text-align: center;\">After thirty years of participation in the Rossini Opera Festival (from 1988 to 2016), 2017 marked a new collaboration between the Municipal Theatre of Bologna and the Verdi Festival of Parma which, among the various productions, saw the Orchestra engaged in the <i>Stiffelio<\/i> signed by Graham Vick. Staged at the Farnese Theatre, it achieved a great success with the public and critics by winning the Special Prize of the 37th &#8220;Franco Abbiati&#8221; Music Critics Award. In 2019 the Orchestra was the protagonist of the Verdi Festival in the <i>Luisa Miller<\/i> at the church of San Francesco del Prato in Parma and in the <i>Aida <\/i>at the Verdi Theatre in Busseto, while in 2020 of a symphonic concert conducted by Valerij Gergiev at the Teatro Regio in Parma. Since January 2022 the Musical Director of the Municipal Theatre of Bologna is Oksana Lyniv.   <\/p>\n<p>[\/vc_column_text][\/vc_column][\/vc_row][vc_row row_height_percent=&#8221;0&#8243; overlay_color=&#8221;color-xsdn&#8221; overlay_alpha=&#8221;50&#8243; gutter_size=&#8221;3&#8243; column_width_percent=&#8221;100&#8243; shift_y=&#8221;0&#8243; z_index=&#8221;0&#8243; enable_top_divider=&#8221;default&#8221; top_divider=&#8221;curve-asym&#8221; shape_top_h_use_pixel=&#8221;&#8221; shape_top_height=&#8221;150&#8243; shape_top_opacity=&#8221;100&#8243; shape_top_index=&#8221;0&#8243; enable_bottom_divider=&#8221;default&#8221; bottom_divider=&#8221;curve-asym&#8221; shape_bottom_h_use_pixel=&#8221;&#8221; shape_bottom_height=&#8221;150&#8243; shape_bottom_opacity=&#8221;100&#8243; shape_bottom_index=&#8221;0&#8243; desktop_visibility=&#8221;yes&#8221; medium_visibility=&#8221;yes&#8221; mobile_visibility=&#8221;yes&#8221; uncode_shortcode_id=&#8221;183399&#8243; back_color_type=&#8221;uncode-solid&#8221; overlay_color_type=&#8221;uncode-palette&#8221; back_color_solid=&#8221;#479dbe&#8221;][vc_column width=&#8221;1\/1&#8243;][uncode_index el_id=&#8221;index-895002&#8243; index_type=&#8221;carousel&#8221; loop=&#8221;size:All|order_by:date|post_type:portfolio|tax_query:299|taxonomy_count:10&#8243; carousel_lg=&#8221;5&#8243; carousel_md=&#8221;5&#8243; carousel_sm=&#8221;2&#8243; gutter_size=&#8221;3&#8243; post_items=&#8221;media|featured|onpost|original,title,text|excerpt&#8221; page_items=&#8221;title,media|featured|onpost|original,text|excerpt&#8221; popup_items=&#8221;title,media|featured|onpost|original,text|excerpt&#8221; portfolio_items=&#8221;title,media|featured|onpost|original,text|excerpt&#8221; carousel_interval=&#8221;3000&#8243; carousel_navspeed=&#8221;400&#8243; carousel_nav=&#8221;yes&#8221; carousel_nav_mobile=&#8221;yes&#8221; stage_padding=&#8221;0&#8243; single_overlay_opacity=&#8221;50&#8243; single_h_align=&#8221;center&#8221; single_h_align_mobile=&#8221;center&#8221; single_padding=&#8221;2&#8243; custom_order=&#8221;yes&#8221; order_ids=&#8221;91246,90745,90747,90749,91248,73114,91386,72778,90757,90761,90695&#8243; uncode_shortcode_id=&#8221;262317&#8243;][\/vc_column][\/vc_row][vc_row][vc_column width=&#8221;1\/1&#8243;][\/vc_column][\/vc_row][vc_row][vc_column column_width_percent=&#8221;80&#8243; gutter_size=&#8221;3&#8243; overlay_alpha=&#8221;50&#8243; shift_x=&#8221;0&#8243; shift_y=&#8221;0&#8243; shift_y_down=&#8221;0&#8243; z_index=&#8221;0&#8243; medium_width=&#8221;0&#8243; mobile_width=&#8221;0&#8243; width=&#8221;1\/1&#8243; uncode_shortcode_id=&#8221;123059&#8243;][uncode_block id=&#8221;115056&#8243;][\/vc_column][\/vc_row]<\/p>\n<\/div>","protected":false},"excerpt":{"rendered":"<div class=\"wpb-content-wrapper\"><p>[vc_row][vc_column width=&#8221;4\/6&#8243;][vc_custom_heading uncode_shortcode_id=&#8221;149354&#8243;]<\/p>\n<h4><span class=\"font-168876 font-762333 font-202503\" style=\"color: #808080;\">Let&#8217;s talk about Opera | Opera Season 2025<\/span><\/h4>\n<h1><span style=\"color: #993300; font-family: Poppins;\">LET&#8217;S TALK ABOUT &#8220;A MASQUERADE BALL&#8221;<\/span><\/h1>\n<h2><span style=\"color: #993300; font-family: Poppins;\">WITH <span style=\"color: #333333;\">LODO GUENZI<\/span><\/span><\/h2>\n<p>[\/vc_custom_heading][vc_row_inner row_inner_height_percent=&#8221;0&#8243; overlay_alpha=&#8221;50&#8243; gutter_size=&#8221;3&#8243; shift_y=&#8221;0&#8243; z_index=&#8221;0&#8243; desktop_visibility=&#8221;yes&#8221; medium_visibility=&#8221;yes&#8221; limit_content=&#8221;&#8221; uncode_shortcode_id=&#8221;218726&#8243;][vc_column_inner column_width_percent=&#8221;100&#8243; gutter_size=&#8221;3&#8243; back_color=&#8221;color-gyho&#8221; overlay_alpha=&#8221;50&#8243; shift_x=&#8221;0&#8243; shift_y=&#8221;0&#8243; shift_y_down=&#8221;0&#8243; z_index=&#8221;0&#8243; medium_width=&#8221;0&#8243; mobile_width=&#8221;0&#8243; <\/p><\/div>&hellip;","protected":false},"author":18,"featured_media":113998,"parent":0,"menu_order":0,"comment_status":"closed","ping_status":"closed","template":"","meta":{"_acf_changed":false,"footnotes":""},"portfolio_category":[495,496,519,526],"class_list":["post-116313","portfolio","type-portfolio","status-publish","has-post-thumbnail","hentry","portfolio_category-concerti-en","portfolio_category-calendario-en","portfolio_category-2025-en","portfolio_category-symphony-2025"],"acf":[],"yoast_head":"<!-- This site is optimized with the Yoast SEO Premium plugin v26.6 (Yoast SEO v27.4) - https:\/\/yoast.com\/product\/yoast-seo-premium-wordpress\/ -->\n<title>Symphonic Season 2025 | Alvise Casellati director - Teatro Comunale di Bologna<\/title>\n<meta name=\"robots\" content=\"index, follow, max-snippet:-1, max-image-preview:large, max-video-preview:-1\" \/>\n<link rel=\"canonical\" href=\"https:\/\/www.tcbo.it\/en\/eventi\/symphonic-season-2025-alvise-casellati-director\/\" \/>\n<meta property=\"og:locale\" content=\"en_US\" \/>\n<meta property=\"og:type\" content=\"article\" \/>\n<meta property=\"og:title\" content=\"Symphonic Season 2025 | Alvise Casellati director\" \/>\n<meta property=\"og:description\" content=\"[vc_row][vc_column width=&#8221;4\/6&#8243;][vc_custom_heading uncode_shortcode_id=&#8221;149354&#8243;] Let&#8217;s talk about Opera | Opera Season 2025 LET&#8217;S TALK ABOUT &#8220;A MASQUERADE BALL&#8221; WITH LODO GUENZI [\/vc_custom_heading][vc_row_inner row_inner_height_percent=&#8221;0&#8243; overlay_alpha=&#8221;50&#8243; gutter_size=&#8221;3&#8243; shift_y=&#8221;0&#8243; z_index=&#8221;0&#8243; desktop_visibility=&#8221;yes&#8221; medium_visibility=&#8221;yes&#8221; limit_content=&#8221;&#8221; uncode_shortcode_id=&#8221;218726&#8243;][vc_column_inner column_width_percent=&#8221;100&#8243; gutter_size=&#8221;3&#8243; back_color=&#8221;color-gyho&#8221; overlay_alpha=&#8221;50&#8243; shift_x=&#8221;0&#8243; shift_y=&#8221;0&#8243; shift_y_down=&#8221;0&#8243; z_index=&#8221;0&#8243; medium_width=&#8221;0&#8243; mobile_width=&#8221;0&#8243; &hellip;\" \/>\n<meta property=\"og:url\" content=\"https:\/\/www.tcbo.it\/en\/eventi\/symphonic-season-2025-alvise-casellati-director\/\" \/>\n<meta property=\"og:site_name\" content=\"Teatro Comunale di Bologna\" \/>\n<meta property=\"article:publisher\" content=\"https:\/\/www.facebook.com\/TeatroComunaleBologna\" \/>\n<meta property=\"article:modified_time\" content=\"2025-02-16T15:25:39+00:00\" \/>\n<meta property=\"og:image\" content=\"https:\/\/www.tcbo.it\/wp-content\/uploads\/2024\/10\/500x700-sinfonica-20252.jpg\" \/>\n\t<meta property=\"og:image:width\" content=\"1389\" \/>\n\t<meta property=\"og:image:height\" content=\"1944\" \/>\n\t<meta property=\"og:image:type\" content=\"image\/jpeg\" \/>\n<meta name=\"twitter:card\" content=\"summary_large_image\" \/>\n<meta name=\"twitter:site\" content=\"@ComunaleBologna\" \/>\n<meta name=\"twitter:label1\" content=\"Est. reading time\" \/>\n\t<meta name=\"twitter:data1\" content=\"13 minutes\" \/>\n<script type=\"application\/ld+json\" class=\"yoast-schema-graph\">{\"@context\":\"https:\\\/\\\/schema.org\",\"@graph\":[{\"@type\":\"WebPage\",\"@id\":\"https:\\\/\\\/www.tcbo.it\\\/en\\\/eventi\\\/symphonic-season-2025-alvise-casellati-director\\\/\",\"url\":\"https:\\\/\\\/www.tcbo.it\\\/en\\\/eventi\\\/symphonic-season-2025-alvise-casellati-director\\\/\",\"name\":\"Symphonic Season 2025 | Alvise Casellati director - Teatro Comunale di Bologna\",\"isPartOf\":{\"@id\":\"https:\\\/\\\/www.tcbo.it\\\/#website\"},\"primaryImageOfPage\":{\"@id\":\"https:\\\/\\\/www.tcbo.it\\\/en\\\/eventi\\\/symphonic-season-2025-alvise-casellati-director\\\/#primaryimage\"},\"image\":{\"@id\":\"https:\\\/\\\/www.tcbo.it\\\/en\\\/eventi\\\/symphonic-season-2025-alvise-casellati-director\\\/#primaryimage\"},\"thumbnailUrl\":\"https:\\\/\\\/www.tcbo.it\\\/wp-content\\\/uploads\\\/2024\\\/10\\\/500x700-sinfonica-20252.jpg\",\"datePublished\":\"2025-01-22T14:48:06+00:00\",\"dateModified\":\"2025-02-16T15:25:39+00:00\",\"breadcrumb\":{\"@id\":\"https:\\\/\\\/www.tcbo.it\\\/en\\\/eventi\\\/symphonic-season-2025-alvise-casellati-director\\\/#breadcrumb\"},\"inLanguage\":\"en-US\",\"potentialAction\":[{\"@type\":\"ReadAction\",\"target\":[\"https:\\\/\\\/www.tcbo.it\\\/en\\\/eventi\\\/symphonic-season-2025-alvise-casellati-director\\\/\"]}]},{\"@type\":\"ImageObject\",\"inLanguage\":\"en-US\",\"@id\":\"https:\\\/\\\/www.tcbo.it\\\/en\\\/eventi\\\/symphonic-season-2025-alvise-casellati-director\\\/#primaryimage\",\"url\":\"https:\\\/\\\/www.tcbo.it\\\/wp-content\\\/uploads\\\/2024\\\/10\\\/500x700-sinfonica-20252.jpg\",\"contentUrl\":\"https:\\\/\\\/www.tcbo.it\\\/wp-content\\\/uploads\\\/2024\\\/10\\\/500x700-sinfonica-20252.jpg\",\"width\":1389,\"height\":1944},{\"@type\":\"BreadcrumbList\",\"@id\":\"https:\\\/\\\/www.tcbo.it\\\/en\\\/eventi\\\/symphonic-season-2025-alvise-casellati-director\\\/#breadcrumb\",\"itemListElement\":[{\"@type\":\"ListItem\",\"position\":1,\"name\":\"Home\",\"item\":\"https:\\\/\\\/www.tcbo.it\\\/en\\\/\"},{\"@type\":\"ListItem\",\"position\":2,\"name\":\"Eventi\",\"item\":\"https:\\\/\\\/www.tcbo.it\\\/eventi\\\/\"},{\"@type\":\"ListItem\",\"position\":3,\"name\":\"Symphonic Season 2025 | Alvise Casellati director\"}]},{\"@type\":\"WebSite\",\"@id\":\"https:\\\/\\\/www.tcbo.it\\\/#website\",\"url\":\"https:\\\/\\\/www.tcbo.it\\\/\",\"name\":\"tcbo.it\",\"description\":\"Teatro d&#039;Opera, Musica Lirica e Sinfonica, spettacoli di Danza classica e contemporanea\",\"publisher\":{\"@id\":\"https:\\\/\\\/www.tcbo.it\\\/#organization\"},\"potentialAction\":[{\"@type\":\"SearchAction\",\"target\":{\"@type\":\"EntryPoint\",\"urlTemplate\":\"https:\\\/\\\/www.tcbo.it\\\/?s={search_term_string}\"},\"query-input\":{\"@type\":\"PropertyValueSpecification\",\"valueRequired\":true,\"valueName\":\"search_term_string\"}}],\"inLanguage\":\"en-US\"},{\"@type\":\"Organization\",\"@id\":\"https:\\\/\\\/www.tcbo.it\\\/#organization\",\"name\":\"Fondazione Teatro Comunale di Bologna\",\"url\":\"https:\\\/\\\/www.tcbo.it\\\/\",\"logo\":{\"@type\":\"ImageObject\",\"inLanguage\":\"en-US\",\"@id\":\"https:\\\/\\\/www.tcbo.it\\\/#\\\/schema\\\/logo\\\/image\\\/\",\"url\":\"https:\\\/\\\/www.tcbo.it\\\/wp-content\\\/uploads\\\/Copia-di-TCBO_-logo2016.jpg\",\"contentUrl\":\"https:\\\/\\\/www.tcbo.it\\\/wp-content\\\/uploads\\\/Copia-di-TCBO_-logo2016.jpg\",\"width\":3325,\"height\":3325,\"caption\":\"Fondazione Teatro Comunale di Bologna\"},\"image\":{\"@id\":\"https:\\\/\\\/www.tcbo.it\\\/#\\\/schema\\\/logo\\\/image\\\/\"},\"sameAs\":[\"https:\\\/\\\/www.facebook.com\\\/TeatroComunaleBologna\",\"https:\\\/\\\/x.com\\\/ComunaleBologna\",\"https:\\\/\\\/www.instagram.com\\\/comunalebologna\\\/\",\"https:\\\/\\\/www.linkedin.com\\\/company\\\/fondazione-teatro-comunale-di-bologna\\\/mycompany\\\/?viewAsMember=true\",\"https:\\\/\\\/www.youtube.com\\\/channel\\\/UC2YPqJpxc4Hof43oHcdCvvw\",\"https:\\\/\\\/www.tiktok.com\\\/@ilcomunalebologna\"]}]}<\/script>\n<!-- \/ Yoast SEO Premium plugin. -->","yoast_head_json":{"title":"Symphonic Season 2025 | Alvise Casellati director - Teatro Comunale di Bologna","robots":{"index":"index","follow":"follow","max-snippet":"max-snippet:-1","max-image-preview":"max-image-preview:large","max-video-preview":"max-video-preview:-1"},"canonical":"https:\/\/www.tcbo.it\/en\/eventi\/symphonic-season-2025-alvise-casellati-director\/","og_locale":"en_US","og_type":"article","og_title":"Symphonic Season 2025 | Alvise Casellati director","og_description":"[vc_row][vc_column width=&#8221;4\/6&#8243;][vc_custom_heading uncode_shortcode_id=&#8221;149354&#8243;] Let&#8217;s talk about Opera | Opera Season 2025 LET&#8217;S TALK ABOUT &#8220;A MASQUERADE BALL&#8221; WITH LODO GUENZI [\/vc_custom_heading][vc_row_inner row_inner_height_percent=&#8221;0&#8243; overlay_alpha=&#8221;50&#8243; gutter_size=&#8221;3&#8243; shift_y=&#8221;0&#8243; z_index=&#8221;0&#8243; desktop_visibility=&#8221;yes&#8221; medium_visibility=&#8221;yes&#8221; limit_content=&#8221;&#8221; uncode_shortcode_id=&#8221;218726&#8243;][vc_column_inner column_width_percent=&#8221;100&#8243; gutter_size=&#8221;3&#8243; back_color=&#8221;color-gyho&#8221; overlay_alpha=&#8221;50&#8243; shift_x=&#8221;0&#8243; shift_y=&#8221;0&#8243; shift_y_down=&#8221;0&#8243; z_index=&#8221;0&#8243; medium_width=&#8221;0&#8243; mobile_width=&#8221;0&#8243; &hellip;","og_url":"https:\/\/www.tcbo.it\/en\/eventi\/symphonic-season-2025-alvise-casellati-director\/","og_site_name":"Teatro Comunale di Bologna","article_publisher":"https:\/\/www.facebook.com\/TeatroComunaleBologna","article_modified_time":"2025-02-16T15:25:39+00:00","og_image":[{"width":1389,"height":1944,"url":"https:\/\/www.tcbo.it\/wp-content\/uploads\/2024\/10\/500x700-sinfonica-20252.jpg","type":"image\/jpeg"}],"twitter_card":"summary_large_image","twitter_site":"@ComunaleBologna","twitter_misc":{"Est. reading time":"13 minutes"},"schema":{"@context":"https:\/\/schema.org","@graph":[{"@type":"WebPage","@id":"https:\/\/www.tcbo.it\/en\/eventi\/symphonic-season-2025-alvise-casellati-director\/","url":"https:\/\/www.tcbo.it\/en\/eventi\/symphonic-season-2025-alvise-casellati-director\/","name":"Symphonic Season 2025 | Alvise Casellati director - Teatro Comunale di Bologna","isPartOf":{"@id":"https:\/\/www.tcbo.it\/#website"},"primaryImageOfPage":{"@id":"https:\/\/www.tcbo.it\/en\/eventi\/symphonic-season-2025-alvise-casellati-director\/#primaryimage"},"image":{"@id":"https:\/\/www.tcbo.it\/en\/eventi\/symphonic-season-2025-alvise-casellati-director\/#primaryimage"},"thumbnailUrl":"https:\/\/www.tcbo.it\/wp-content\/uploads\/2024\/10\/500x700-sinfonica-20252.jpg","datePublished":"2025-01-22T14:48:06+00:00","dateModified":"2025-02-16T15:25:39+00:00","breadcrumb":{"@id":"https:\/\/www.tcbo.it\/en\/eventi\/symphonic-season-2025-alvise-casellati-director\/#breadcrumb"},"inLanguage":"en-US","potentialAction":[{"@type":"ReadAction","target":["https:\/\/www.tcbo.it\/en\/eventi\/symphonic-season-2025-alvise-casellati-director\/"]}]},{"@type":"ImageObject","inLanguage":"en-US","@id":"https:\/\/www.tcbo.it\/en\/eventi\/symphonic-season-2025-alvise-casellati-director\/#primaryimage","url":"https:\/\/www.tcbo.it\/wp-content\/uploads\/2024\/10\/500x700-sinfonica-20252.jpg","contentUrl":"https:\/\/www.tcbo.it\/wp-content\/uploads\/2024\/10\/500x700-sinfonica-20252.jpg","width":1389,"height":1944},{"@type":"BreadcrumbList","@id":"https:\/\/www.tcbo.it\/en\/eventi\/symphonic-season-2025-alvise-casellati-director\/#breadcrumb","itemListElement":[{"@type":"ListItem","position":1,"name":"Home","item":"https:\/\/www.tcbo.it\/en\/"},{"@type":"ListItem","position":2,"name":"Eventi","item":"https:\/\/www.tcbo.it\/eventi\/"},{"@type":"ListItem","position":3,"name":"Symphonic Season 2025 | Alvise Casellati director"}]},{"@type":"WebSite","@id":"https:\/\/www.tcbo.it\/#website","url":"https:\/\/www.tcbo.it\/","name":"tcbo.it","description":"Teatro d&#039;Opera, Musica Lirica e Sinfonica, spettacoli di Danza classica e contemporanea","publisher":{"@id":"https:\/\/www.tcbo.it\/#organization"},"potentialAction":[{"@type":"SearchAction","target":{"@type":"EntryPoint","urlTemplate":"https:\/\/www.tcbo.it\/?s={search_term_string}"},"query-input":{"@type":"PropertyValueSpecification","valueRequired":true,"valueName":"search_term_string"}}],"inLanguage":"en-US"},{"@type":"Organization","@id":"https:\/\/www.tcbo.it\/#organization","name":"Fondazione Teatro Comunale di Bologna","url":"https:\/\/www.tcbo.it\/","logo":{"@type":"ImageObject","inLanguage":"en-US","@id":"https:\/\/www.tcbo.it\/#\/schema\/logo\/image\/","url":"https:\/\/www.tcbo.it\/wp-content\/uploads\/Copia-di-TCBO_-logo2016.jpg","contentUrl":"https:\/\/www.tcbo.it\/wp-content\/uploads\/Copia-di-TCBO_-logo2016.jpg","width":3325,"height":3325,"caption":"Fondazione Teatro Comunale di Bologna"},"image":{"@id":"https:\/\/www.tcbo.it\/#\/schema\/logo\/image\/"},"sameAs":["https:\/\/www.facebook.com\/TeatroComunaleBologna","https:\/\/x.com\/ComunaleBologna","https:\/\/www.instagram.com\/comunalebologna\/","https:\/\/www.linkedin.com\/company\/fondazione-teatro-comunale-di-bologna\/mycompany\/?viewAsMember=true","https:\/\/www.youtube.com\/channel\/UC2YPqJpxc4Hof43oHcdCvvw","https:\/\/www.tiktok.com\/@ilcomunalebologna"]}]}},"_links":{"self":[{"href":"https:\/\/www.tcbo.it\/en\/wp-json\/wp\/v2\/portfolio\/116313","targetHints":{"allow":["GET"]}}],"collection":[{"href":"https:\/\/www.tcbo.it\/en\/wp-json\/wp\/v2\/portfolio"}],"about":[{"href":"https:\/\/www.tcbo.it\/en\/wp-json\/wp\/v2\/types\/portfolio"}],"author":[{"embeddable":true,"href":"https:\/\/www.tcbo.it\/en\/wp-json\/wp\/v2\/users\/18"}],"replies":[{"embeddable":true,"href":"https:\/\/www.tcbo.it\/en\/wp-json\/wp\/v2\/comments?post=116313"}],"version-history":[{"count":8,"href":"https:\/\/www.tcbo.it\/en\/wp-json\/wp\/v2\/portfolio\/116313\/revisions"}],"predecessor-version":[{"id":116907,"href":"https:\/\/www.tcbo.it\/en\/wp-json\/wp\/v2\/portfolio\/116313\/revisions\/116907"}],"wp:featuredmedia":[{"embeddable":true,"href":"https:\/\/www.tcbo.it\/en\/wp-json\/wp\/v2\/media\/113998"}],"wp:attachment":[{"href":"https:\/\/www.tcbo.it\/en\/wp-json\/wp\/v2\/media?parent=116313"}],"wp:term":[{"taxonomy":"portfolio_category","embeddable":true,"href":"https:\/\/www.tcbo.it\/en\/wp-json\/wp\/v2\/portfolio_category?post=116313"}],"curies":[{"name":"wp","href":"https:\/\/api.w.org\/{rel}","templated":true}]}}