{"id":116327,"date":"2025-01-22T15:48:09","date_gmt":"2025-01-22T14:48:09","guid":{"rendered":"https:\/\/www.tcbo.it\/eventi\/symphony-season-2025-yutaka-sado-director\/"},"modified":"2025-02-16T18:36:35","modified_gmt":"2025-02-16T17:36:35","slug":"symphony-season-2025-yutaka-sado-director","status":"publish","type":"portfolio","link":"https:\/\/www.tcbo.it\/en\/eventi\/symphony-season-2025-yutaka-sado-director\/","title":{"rendered":"Symphony Season 2025 | Yutaka Sado director"},"content":{"rendered":"<div class=\"wpb-content-wrapper\"><p>[vc_row unlock_row_content=&#8221;yes&#8221; row_height_percent=&#8221;65&#8243; back_image=&#8221;114374&#8243; back_repeat=&#8221;no-repeat&#8221; back_attachment=&#8221;scroll&#8221; back_position=&#8221;center center&#8221; overlay_alpha=&#8221;50&#8243; gutter_size=&#8221;3&#8243; column_width_percent=&#8221;100&#8243; shift_y=&#8221;0&#8243; z_index=&#8221;0&#8243; mobile_visibility=&#8221;yes&#8221; uncode_shortcode_id=&#8221;203245&#8243; back_size=&#8221;cover&#8221;][vc_column column_width_percent=&#8221;50&#8243; position_vertical=&#8221;bottom&#8221; align_horizontal=&#8221;align_center&#8221; gutter_size=&#8221;3&#8243; override_padding=&#8221;yes&#8221; column_padding=&#8221;2&#8243; font_family=&#8221;font-180609&#8243; overlay_alpha=&#8221;50&#8243; shift_x=&#8221;0&#8243; shift_y=&#8221;0&#8243; shift_y_down=&#8221;0&#8243; z_index=&#8221;0&#8243; medium_width=&#8221;0&#8243; mobile_width=&#8221;0&#8243; width=&#8221;1\/1&#8243; uncode_shortcode_id=&#8221;170666&#8243;][\/vc_column][\/vc_row][vc_row row_height_percent=&#8221;0&#8243; overlay_alpha=&#8221;50&#8243; gutter_size=&#8221;3&#8243; column_width_percent=&#8221;100&#8243; shift_y=&#8221;0&#8243; z_index=&#8221;0&#8243; mobile_visibility=&#8221;yes&#8221; uncode_shortcode_id=&#8221;465721&#8243;][vc_column width=&#8221;1\/1&#8243;][vc_column_text uncode_shortcode_id=&#8221;159538&#8243;]<div class=\"eventCalendarFilter\"><span class=\"eventCalendarTerm active\" data-term=\"reset\">All Events<\/span><span class=\"eventCalendarTerm\" data-term=\"opera\">Opera<\/span><span class=\"eventCalendarTerm\" data-term=\"danza\">Dance<\/span><span class=\"eventCalendarTerm\" data-term=\"concerti\">Concerts<\/span><span class=\"eventCalendarTerm\" data-term=\"altri-eventi\">Other Events<\/span><\/div><div class=\"swiper eventCalendarContainer sameHeightWrap\" data-height=\".craqEventCalendarSlide\" data-limt=\"1\"><div class=\"swiper-wrapper\"><div class=\"swiper-slide craqEventCalendarSlide concerti\"><div class=\"eventCalendarWrap\"><div class=\"absoluteInRelative backgroundCover eventCalendarImg lazyload\" style=\"background-image:inherit\" data-bg-image=\"url(&#039;https:\/\/www.tcbo.it\/wp-content\/uploads\/2023\/04\/basic_thumbnail_event_calendar.png&#039;)\"><\/div><a href=\"https:\/\/www.tcbo.it\/en\/eventi\/concerts-2026-joy-symphony-no-4\/\" class=\"absoluteInRelative\"><\/a><div class=\"eventCalendarDay\">3<\/div><div class=\"eventCalendarMonth\">May<\/div><div class=\"eventCalendarTerms\">Concerts<\/div><h3 class=\"eventCalendarTitle\">Concerts 2026 | Joy &#8211; Symphony No. 4<\/h3><div class=\"eventCalendarPlace\">Teatro Manzoni, 11:00<\/div><a role=\"button\" href=\"https:\/\/tcbo.vivaticket.it\/it\/event\/beethoven-sinfonia-n-4\/289952%20_blank\" class=\"custom-link btn border-width-0 btn-round btn-shadow btn-icon-left cursor-init eventCalendarTicketBtn\" target=\"_blank\" rel=\"noopener noreferrer\">BUY YOUR TICKET<\/a><\/div><\/div><div class=\"swiper-slide craqEventCalendarSlide concerti\"><div class=\"eventCalendarWrap\"><div class=\"absoluteInRelative backgroundCover eventCalendarImg lazyload\" style=\"background-image:inherit\" data-bg-image=\"url(&#039;https:\/\/www.tcbo.it\/wp-content\/uploads\/2023\/04\/basic_thumbnail_event_calendar.png&#039;)\"><\/div><a href=\"https:\/\/www.tcbo.it\/en\/eventi\/concerts-2026-joy-symphony-no-5\/\" class=\"absoluteInRelative\"><\/a><div class=\"eventCalendarDay\">10<\/div><div class=\"eventCalendarMonth\">May<\/div><div class=\"eventCalendarTerms\">Concerts<\/div><h3 class=\"eventCalendarTitle\">Concerts 2026 | Joy &#8211; Symphony No. 5<\/h3><div class=\"eventCalendarPlace\">Teatro Manzoni, 11:00<\/div><a role=\"button\" href=\"https:\/\/tcbo.vivaticket.it\/it\/event\/beethoven-sinfonia-n-5\/289953%20_blank\" class=\"custom-link btn border-width-0 btn-round btn-shadow btn-icon-left cursor-init eventCalendarTicketBtn\" target=\"_blank\" rel=\"noopener noreferrer\">BUY YOUR TICKET<\/a><\/div><\/div><div class=\"swiper-slide craqEventCalendarSlide opera\"><div class=\"eventCalendarWrap\"><div class=\"absoluteInRelative backgroundCover eventCalendarImg lazyload\" style=\"background-image:inherit\" data-bg-image=\"url(&#039;https:\/\/www.tcbo.it\/wp-content\/uploads\/2023\/04\/basic_thumbnail_event_calendar.png&#039;)\"><\/div><a href=\"https:\/\/www.tcbo.it\/en\/eventi\/opera-2026-olympia\/\" class=\"absoluteInRelative\"><\/a><div class=\"eventCalendarDay\">15<\/div><div class=\"eventCalendarMonth\">May<\/div><div class=\"eventCalendarTerms\">Opera<\/div><h3 class=\"eventCalendarTitle\">Opera 2026 | Olympia<\/h3><div class=\"eventCalendarPlace\">Comunale Nouveau, 20:00<\/div><\/div><\/div><div class=\"swiper-slide craqEventCalendarSlide opera\"><div class=\"eventCalendarWrap\"><div class=\"absoluteInRelative backgroundCover eventCalendarImg lazyload\" style=\"background-image:inherit\" data-bg-image=\"url(&#039;https:\/\/www.tcbo.it\/wp-content\/uploads\/2023\/04\/basic_thumbnail_event_calendar.png&#039;)\"><\/div><a href=\"https:\/\/www.tcbo.it\/en\/eventi\/opera-2026-olympia\/\" class=\"absoluteInRelative\"><\/a><div class=\"eventCalendarDay\">17<\/div><div class=\"eventCalendarMonth\">May<\/div><div class=\"eventCalendarTerms\">Opera<\/div><h3 class=\"eventCalendarTitle\">Opera 2026 | Olympia<\/h3><div class=\"eventCalendarPlace\">Comunale Nouveau, 16:00<\/div><a role=\"button\" href=\"https:\/\/tcbo.vivaticket.it\/it\/event\/olympia\/290797\" class=\"custom-link btn border-width-0 btn-round btn-shadow btn-icon-left cursor-init eventCalendarTicketBtn\" target=\"_blank\" rel=\"noopener noreferrer\">BUY YOUR TICKET<\/a><\/div><\/div><div class=\"swiper-slide craqEventCalendarSlide opera\"><div class=\"eventCalendarWrap\"><div class=\"absoluteInRelative backgroundCover eventCalendarImg lazyload\" style=\"background-image:inherit\" data-bg-image=\"url(&#039;https:\/\/www.tcbo.it\/wp-content\/uploads\/2023\/04\/basic_thumbnail_event_calendar.png&#039;)\"><\/div><a href=\"https:\/\/www.tcbo.it\/en\/eventi\/opera-2026-olympia\/\" class=\"absoluteInRelative\"><\/a><div class=\"eventCalendarDay\">19<\/div><div class=\"eventCalendarMonth\">May<\/div><div class=\"eventCalendarTerms\">Opera<\/div><h3 class=\"eventCalendarTitle\">Opera 2026 | Olympia<\/h3><div class=\"eventCalendarPlace\">Comunale Nouveau, 20:00<\/div><\/div><\/div><div class=\"swiper-slide craqEventCalendarSlide danza\"><div class=\"eventCalendarWrap\"><div class=\"absoluteInRelative backgroundCover eventCalendarImg lazyload\" style=\"background-image:inherit\" data-bg-image=\"url(&#039;https:\/\/www.tcbo.it\/wp-content\/uploads\/2023\/04\/basic_thumbnail_event_calendar.png&#039;)\"><\/div><a href=\"https:\/\/www.tcbo.it\/en\/eventi\/dance-2026-carmen\/\" class=\"absoluteInRelative\"><\/a><div class=\"eventCalendarDay\">23<\/div><div class=\"eventCalendarMonth\">May<\/div><div class=\"eventCalendarTerms\">Dance<\/div><h3 class=\"eventCalendarTitle\">Dance 2026 | Carmen<\/h3><div class=\"eventCalendarPlace\">Comunale Nouveau, 20:30<\/div><\/div><\/div><div class=\"swiper-slide craqEventCalendarSlide danza\"><div class=\"eventCalendarWrap\"><div class=\"absoluteInRelative backgroundCover eventCalendarImg lazyload\" style=\"background-image:inherit\" data-bg-image=\"url(&#039;https:\/\/www.tcbo.it\/wp-content\/uploads\/2023\/04\/basic_thumbnail_event_calendar.png&#039;)\"><\/div><a href=\"https:\/\/www.tcbo.it\/en\/eventi\/dance-2026-carmen\/\" class=\"absoluteInRelative\"><\/a><div class=\"eventCalendarDay\">24<\/div><div class=\"eventCalendarMonth\">May<\/div><div class=\"eventCalendarTerms\">Dance<\/div><h3 class=\"eventCalendarTitle\">Dance 2026 | Carmen<\/h3><div class=\"eventCalendarPlace\">Comunale Nouveau, 16:00<\/div><a role=\"button\" href=\"https:\/\/tcbo.vivaticket.it\/it\/event\/carmen-balletto\/289977\" class=\"custom-link btn border-width-0 btn-round btn-shadow btn-icon-left cursor-init eventCalendarTicketBtn\" target=\"_blank\" rel=\"noopener noreferrer\">BUY YOUR TICKET<\/a><\/div><\/div><div class=\"swiper-slide craqEventCalendarSlide concerti\"><div class=\"eventCalendarWrap\"><div class=\"absoluteInRelative backgroundCover eventCalendarImg lazyload\" style=\"background-image:inherit\" data-bg-image=\"url(&#039;https:\/\/www.tcbo.it\/wp-content\/uploads\/2025\/11\/8_Foron_1080x1080.jpg&#039;)\"><\/div><a href=\"https:\/\/www.tcbo.it\/en\/eventi\/concerts-2026-symphony-foron\/\" class=\"absoluteInRelative\"><\/a><div class=\"eventCalendarDay\">25<\/div><div class=\"eventCalendarMonth\">May<\/div><div class=\"eventCalendarTerms\">Concerts<\/div><h3 class=\"eventCalendarTitle\">Concerts 2026 | Symphony &#8211; Foron<\/h3><div class=\"eventCalendarPlace\">Teatro Manzoni, 20:30<\/div><\/div><\/div><div class=\"swiper-slide craqEventCalendarSlide concerti\"><div class=\"eventCalendarWrap\"><div class=\"absoluteInRelative backgroundCover eventCalendarImg lazyload\" style=\"background-image:inherit\" data-bg-image=\"url(&#039;https:\/\/www.tcbo.it\/wp-content\/uploads\/2023\/04\/basic_thumbnail_event_calendar.png&#039;)\"><\/div><a href=\"https:\/\/www.tcbo.it\/en\/eventi\/concerts-2026-joy-symphony-no-6\/\" class=\"absoluteInRelative\"><\/a><div class=\"eventCalendarDay\">31<\/div><div class=\"eventCalendarMonth\">May<\/div><div class=\"eventCalendarTerms\">Concerts<\/div><h3 class=\"eventCalendarTitle\">Concerts 2026 | Joy &#8211; Symphony No. 6<\/h3><div class=\"eventCalendarPlace\">Teatro Manzoni, 11:00<\/div><a role=\"button\" href=\"https:\/\/tcbo.vivaticket.it\/it\/event\/beethoven-sinfonia-n-6\/289954%20_blank\" class=\"custom-link btn border-width-0 btn-round btn-shadow btn-icon-left cursor-init eventCalendarTicketBtn\" target=\"_blank\" rel=\"noopener noreferrer\">BUY YOUR TICKET<\/a><\/div><\/div><div class=\"swiper-slide craqEventCalendarSlide opera\"><div class=\"eventCalendarWrap\"><div class=\"absoluteInRelative backgroundCover eventCalendarImg lazyload\" style=\"background-image:inherit\" data-bg-image=\"url(&#039;https:\/\/www.tcbo.it\/wp-content\/uploads\/2023\/04\/basic_thumbnail_event_calendar.png&#039;)\"><\/div><a href=\"https:\/\/www.tcbo.it\/en\/eventi\/opera-2026-naples-millionaires\/\" class=\"absoluteInRelative\"><\/a><div class=\"eventCalendarDay\">12<\/div><div class=\"eventCalendarMonth\">June<\/div><div class=\"eventCalendarTerms\">Opera<\/div><h3 class=\"eventCalendarTitle\">Opera 2026 | Naples Millionaires<\/h3><div class=\"eventCalendarPlace\">Comunale Nouveau, 20:00<\/div><\/div><\/div><div class=\"swiper-slide craqEventCalendarSlide opera\"><div class=\"eventCalendarWrap\"><div class=\"absoluteInRelative backgroundCover eventCalendarImg lazyload\" style=\"background-image:inherit\" data-bg-image=\"url(&#039;https:\/\/www.tcbo.it\/wp-content\/uploads\/2023\/04\/basic_thumbnail_event_calendar.png&#039;)\"><\/div><a href=\"https:\/\/www.tcbo.it\/en\/eventi\/opera-2026-naples-millionaires\/\" class=\"absoluteInRelative\"><\/a><div class=\"eventCalendarDay\">13<\/div><div class=\"eventCalendarMonth\">June<\/div><div class=\"eventCalendarTerms\">Opera<\/div><h3 class=\"eventCalendarTitle\">Opera 2026 | Naples Millionaires<\/h3><div class=\"eventCalendarPlace\">Comunale Nouveau, 18:00<\/div><\/div><\/div><div class=\"swiper-slide craqEventCalendarSlide opera\"><div class=\"eventCalendarWrap\"><div class=\"absoluteInRelative backgroundCover eventCalendarImg lazyload\" style=\"background-image:inherit\" data-bg-image=\"url(&#039;https:\/\/www.tcbo.it\/wp-content\/uploads\/2023\/04\/basic_thumbnail_event_calendar.png&#039;)\"><\/div><a href=\"https:\/\/www.tcbo.it\/en\/eventi\/opera-2026-naples-millionaires\/\" class=\"absoluteInRelative\"><\/a><div class=\"eventCalendarDay\">14<\/div><div class=\"eventCalendarMonth\">June<\/div><div class=\"eventCalendarTerms\">Opera<\/div><h3 class=\"eventCalendarTitle\">Opera 2026 | Naples Millionaires<\/h3><div class=\"eventCalendarPlace\">Comunale Nouveau, 16:00<\/div><\/div><\/div><div class=\"swiper-slide craqEventCalendarSlide opera\"><div class=\"eventCalendarWrap\"><div class=\"absoluteInRelative backgroundCover eventCalendarImg lazyload\" style=\"background-image:inherit\" data-bg-image=\"url(&#039;https:\/\/www.tcbo.it\/wp-content\/uploads\/2023\/04\/basic_thumbnail_event_calendar.png&#039;)\"><\/div><a href=\"https:\/\/www.tcbo.it\/en\/eventi\/opera-2026-naples-millionaires\/\" class=\"absoluteInRelative\"><\/a><div class=\"eventCalendarDay\">16<\/div><div class=\"eventCalendarMonth\">June<\/div><div class=\"eventCalendarTerms\">Opera<\/div><h3 class=\"eventCalendarTitle\">Opera 2026 | Naples Millionaires<\/h3><div class=\"eventCalendarPlace\">Comunale Nouveau, 18:00<\/div><\/div><\/div><div class=\"swiper-slide craqEventCalendarSlide opera\"><div class=\"eventCalendarWrap\"><div class=\"absoluteInRelative backgroundCover eventCalendarImg lazyload\" style=\"background-image:inherit\" data-bg-image=\"url(&#039;https:\/\/www.tcbo.it\/wp-content\/uploads\/2023\/04\/basic_thumbnail_event_calendar.png&#039;)\"><\/div><a href=\"https:\/\/www.tcbo.it\/en\/eventi\/opera-2026-naples-millionaires\/\" class=\"absoluteInRelative\"><\/a><div class=\"eventCalendarDay\">17<\/div><div class=\"eventCalendarMonth\">June<\/div><div class=\"eventCalendarTerms\">Opera<\/div><h3 class=\"eventCalendarTitle\">Opera 2026 | Naples Millionaires<\/h3><div class=\"eventCalendarPlace\">Comunale Nouveau, 20:00<\/div><\/div><\/div><div class=\"swiper-slide craqEventCalendarSlide danza\"><div class=\"eventCalendarWrap\"><div class=\"absoluteInRelative backgroundCover eventCalendarImg lazyload\" style=\"background-image:inherit\" data-bg-image=\"url(&#039;https:\/\/www.tcbo.it\/wp-content\/uploads\/2023\/04\/basic_thumbnail_event_calendar.png&#039;)\"><\/div><a href=\"https:\/\/www.tcbo.it\/en\/eventi\/dance-2026-cluster\/\" class=\"absoluteInRelative\"><\/a><div class=\"eventCalendarDay\">24<\/div><div class=\"eventCalendarMonth\">June<\/div><div class=\"eventCalendarTerms\">Dance<\/div><h3 class=\"eventCalendarTitle\">Dance 2026 | Cluster<\/h3><div class=\"eventCalendarPlace\">Comunale Nouveau, 20:30<\/div><\/div><\/div><div class=\"swiper-slide craqEventCalendarSlide danza\"><div class=\"eventCalendarWrap\"><div class=\"absoluteInRelative backgroundCover eventCalendarImg lazyload\" style=\"background-image:inherit\" data-bg-image=\"url(&#039;https:\/\/www.tcbo.it\/wp-content\/uploads\/2023\/04\/basic_thumbnail_event_calendar.png&#039;)\"><\/div><a href=\"https:\/\/www.tcbo.it\/en\/eventi\/dance-2026-cluster\/\" class=\"absoluteInRelative\"><\/a><div class=\"eventCalendarDay\">25<\/div><div class=\"eventCalendarMonth\">June<\/div><div class=\"eventCalendarTerms\">Dance<\/div><h3 class=\"eventCalendarTitle\">Dance 2026 | Cluster<\/h3><div class=\"eventCalendarPlace\">Comunale Nouveau, 20:30<\/div><\/div><\/div><div class=\"swiper-slide craqEventCalendarSlide danza\"><div class=\"eventCalendarWrap\"><div class=\"absoluteInRelative backgroundCover eventCalendarImg lazyload\" style=\"background-image:inherit\" data-bg-image=\"url(&#039;https:\/\/www.tcbo.it\/wp-content\/uploads\/2023\/04\/basic_thumbnail_event_calendar.png&#039;)\"><\/div><a href=\"https:\/\/www.tcbo.it\/en\/eventi\/dance-2026-caravaggio\/\" class=\"absoluteInRelative\"><\/a><div class=\"eventCalendarDay\">8<\/div><div class=\"eventCalendarMonth\">October<\/div><div class=\"eventCalendarTerms\">Dance<\/div><h3 class=\"eventCalendarTitle\">Dance 2026 | Caravaggio<\/h3><div class=\"eventCalendarPlace\">Teatro EuropAuditorium, 20:30<\/div><\/div><\/div><div class=\"swiper-slide craqEventCalendarSlide danza\"><div class=\"eventCalendarWrap\"><div class=\"absoluteInRelative backgroundCover eventCalendarImg lazyload\" style=\"background-image:inherit\" data-bg-image=\"url(&#039;https:\/\/www.tcbo.it\/wp-content\/uploads\/2023\/04\/basic_thumbnail_event_calendar.png&#039;)\"><\/div><a href=\"https:\/\/www.tcbo.it\/en\/eventi\/dance-2026-caravaggio\/\" class=\"absoluteInRelative\"><\/a><div class=\"eventCalendarDay\">9<\/div><div class=\"eventCalendarMonth\">October<\/div><div class=\"eventCalendarTerms\">Dance<\/div><h3 class=\"eventCalendarTitle\">Dance 2026 | Caravaggio<\/h3><div class=\"eventCalendarPlace\">Teatro EuropAuditorium, 20:30<\/div><\/div><\/div><div class=\"swiper-slide craqEventCalendarSlide danza\"><div class=\"eventCalendarWrap\"><div class=\"absoluteInRelative backgroundCover eventCalendarImg lazyload\" style=\"background-image:inherit\" data-bg-image=\"url(&#039;https:\/\/www.tcbo.it\/wp-content\/uploads\/2023\/04\/basic_thumbnail_event_calendar.png&#039;)\"><\/div><a href=\"https:\/\/www.tcbo.it\/en\/eventi\/dance-2026-caravaggio\/\" class=\"absoluteInRelative\"><\/a><div class=\"eventCalendarDay\">10<\/div><div class=\"eventCalendarMonth\">October<\/div><div class=\"eventCalendarTerms\">Dance<\/div><h3 class=\"eventCalendarTitle\">Dance 2026 | Caravaggio<\/h3><div class=\"eventCalendarPlace\">Teatro EuropAuditorium, 16:00<\/div><\/div><\/div><div class=\"swiper-slide craqEventCalendarSlide danza\"><div class=\"eventCalendarWrap\"><div class=\"absoluteInRelative backgroundCover eventCalendarImg lazyload\" style=\"background-image:inherit\" data-bg-image=\"url(&#039;https:\/\/www.tcbo.it\/wp-content\/uploads\/2023\/04\/basic_thumbnail_event_calendar.png&#039;)\"><\/div><a href=\"https:\/\/www.tcbo.it\/en\/eventi\/dance-2026-caravaggio\/\" class=\"absoluteInRelative\"><\/a><div class=\"eventCalendarDay\">10<\/div><div class=\"eventCalendarMonth\">October<\/div><div class=\"eventCalendarTerms\">Dance<\/div><h3 class=\"eventCalendarTitle\">Dance 2026 | Caravaggio<\/h3><div class=\"eventCalendarPlace\">Teatro EuropAuditorium, 20:30<\/div><\/div><\/div><div class=\"swiper-slide craqEventCalendarSlide concerti\"><div class=\"eventCalendarWrap\"><div class=\"absoluteInRelative backgroundCover eventCalendarImg lazyload\" style=\"background-image:inherit\" data-bg-image=\"url(&#039;https:\/\/www.tcbo.it\/wp-content\/uploads\/2025\/11\/9_Sado_1080x1080.jpg&#039;)\"><\/div><a href=\"https:\/\/www.tcbo.it\/en\/eventi\/concerts-2026-symphony-sado\/\" class=\"absoluteInRelative\"><\/a><div class=\"eventCalendarDay\">16<\/div><div class=\"eventCalendarMonth\">October<\/div><div class=\"eventCalendarTerms\">Concerts<\/div><h3 class=\"eventCalendarTitle\">Concerts 2026 | Symphony &#8211; Sado<\/h3><div class=\"eventCalendarPlace\">Teatro Manzoni, 20:30<\/div><\/div><\/div><div class=\"swiper-slide craqEventCalendarSlide opera\"><div class=\"eventCalendarWrap\"><div class=\"absoluteInRelative backgroundCover eventCalendarImg lazyload\" style=\"background-image:inherit\" data-bg-image=\"url(&#039;https:\/\/www.tcbo.it\/wp-content\/uploads\/2023\/04\/basic_thumbnail_event_calendar.png&#039;)\"><\/div><a href=\"https:\/\/www.tcbo.it\/en\/eventi\/opera-2026-semele\/\" class=\"absoluteInRelative\"><\/a><div class=\"eventCalendarDay\">23<\/div><div class=\"eventCalendarMonth\">October<\/div><div class=\"eventCalendarTerms\">Opera<\/div><h3 class=\"eventCalendarTitle\">Opera 2026 | Semele<\/h3><div class=\"eventCalendarPlace\">Teatro Manzoni, 20:00<\/div><\/div><\/div><div class=\"swiper-slide craqEventCalendarSlide opera\"><div class=\"eventCalendarWrap\"><div class=\"absoluteInRelative backgroundCover eventCalendarImg lazyload\" style=\"background-image:inherit\" data-bg-image=\"url(&#039;https:\/\/www.tcbo.it\/wp-content\/uploads\/2023\/04\/basic_thumbnail_event_calendar.png&#039;)\"><\/div><a href=\"https:\/\/www.tcbo.it\/en\/eventi\/opera-2026-semele\/\" class=\"absoluteInRelative\"><\/a><div class=\"eventCalendarDay\">25<\/div><div class=\"eventCalendarMonth\">October<\/div><div class=\"eventCalendarTerms\">Opera<\/div><h3 class=\"eventCalendarTitle\">Opera 2026 | Semele<\/h3><div class=\"eventCalendarPlace\">Teatro Manzoni, 16:00<\/div><\/div><\/div><div class=\"swiper-slide craqEventCalendarSlide concerti\"><div class=\"eventCalendarWrap\"><div class=\"absoluteInRelative backgroundCover eventCalendarImg lazyload\" style=\"background-image:inherit\" data-bg-image=\"url(&#039;https:\/\/www.tcbo.it\/wp-content\/uploads\/2025\/11\/10_Abbado_1080x1080.jpg&#039;)\"><\/div><a href=\"https:\/\/www.tcbo.it\/en\/eventi\/concerts-2026-symphony-abbado\/\" class=\"absoluteInRelative\"><\/a><div class=\"eventCalendarDay\">26<\/div><div class=\"eventCalendarMonth\">October<\/div><div class=\"eventCalendarTerms\">Concerts<\/div><h3 class=\"eventCalendarTitle\">Concerts 2026 | Symphony &#8211; Abbado<\/h3><div class=\"eventCalendarPlace\">Teatro Manzoni, 20:30<\/div><\/div><\/div><div class=\"swiper-slide craqEventCalendarSlide concerti\"><div class=\"eventCalendarWrap\"><div class=\"absoluteInRelative backgroundCover eventCalendarImg lazyload\" style=\"background-image:inherit\" data-bg-image=\"url(&#039;https:\/\/www.tcbo.it\/wp-content\/uploads\/2025\/11\/11_Chauhan_1080x1080.jpg&#039;)\"><\/div><a href=\"https:\/\/www.tcbo.it\/en\/eventi\/concerts-2026-symphony-chauhan\/\" class=\"absoluteInRelative\"><\/a><div class=\"eventCalendarDay\">6<\/div><div class=\"eventCalendarMonth\">November<\/div><div class=\"eventCalendarTerms\">Concerts<\/div><h3 class=\"eventCalendarTitle\">Concerts 2026 | Symphony &#8211; Chauhan<\/h3><div class=\"eventCalendarPlace\">Teatro Manzoni, 20:30<\/div><\/div><\/div><div class=\"swiper-slide craqEventCalendarSlide opera\"><div class=\"eventCalendarWrap\"><div class=\"absoluteInRelative backgroundCover eventCalendarImg lazyload\" style=\"background-image:inherit\" data-bg-image=\"url(&#039;https:\/\/www.tcbo.it\/wp-content\/uploads\/2023\/04\/basic_thumbnail_event_calendar.png&#039;)\"><\/div><a href=\"https:\/\/www.tcbo.it\/en\/eventi\/opera-2026-samson-et-dalila\/\" class=\"absoluteInRelative\"><\/a><div class=\"eventCalendarDay\">13<\/div><div class=\"eventCalendarMonth\">November<\/div><div class=\"eventCalendarTerms\">Opera<\/div><h3 class=\"eventCalendarTitle\">Opera 2026 | Samson et Dalila<\/h3><div class=\"eventCalendarPlace\">Teatro Manzoni, 20:00<\/div><\/div><\/div><div class=\"swiper-slide craqEventCalendarSlide opera\"><div class=\"eventCalendarWrap\"><div class=\"absoluteInRelative backgroundCover eventCalendarImg lazyload\" style=\"background-image:inherit\" data-bg-image=\"url(&#039;https:\/\/www.tcbo.it\/wp-content\/uploads\/2023\/04\/basic_thumbnail_event_calendar.png&#039;)\"><\/div><a href=\"https:\/\/www.tcbo.it\/en\/eventi\/opera-2026-samson-et-dalila\/\" class=\"absoluteInRelative\"><\/a><div class=\"eventCalendarDay\">15<\/div><div class=\"eventCalendarMonth\">November<\/div><div class=\"eventCalendarTerms\">Opera<\/div><h3 class=\"eventCalendarTitle\">Opera 2026 | Samson et Dalila<\/h3><div class=\"eventCalendarPlace\">Teatro Manzoni, 16:00<\/div><\/div><\/div><div class=\"swiper-slide craqEventCalendarSlide concerti\"><div class=\"eventCalendarWrap\"><div class=\"absoluteInRelative backgroundCover eventCalendarImg lazyload\" style=\"background-image:inherit\" data-bg-image=\"url(&#039;https:\/\/www.tcbo.it\/wp-content\/uploads\/2025\/11\/12_Bolton_1080x1080.jpg&#039;)\"><\/div><a href=\"https:\/\/www.tcbo.it\/en\/eventi\/concerts-2026-symphony-bolton\/\" class=\"absoluteInRelative\"><\/a><div class=\"eventCalendarDay\">20<\/div><div class=\"eventCalendarMonth\">November<\/div><div class=\"eventCalendarTerms\">Concerts<\/div><h3 class=\"eventCalendarTitle\">Concerts 2026 | Symphony &#8211; Bolton<\/h3><div class=\"eventCalendarPlace\">Teatro Manzoni, 20:30<\/div><\/div><\/div><div class=\"swiper-slide craqEventCalendarSlide concerti\"><div class=\"eventCalendarWrap\"><div class=\"absoluteInRelative backgroundCover eventCalendarImg lazyload\" style=\"background-image:inherit\" data-bg-image=\"url(&#039;https:\/\/www.tcbo.it\/wp-content\/uploads\/2023\/04\/basic_thumbnail_event_calendar.png&#039;)\"><\/div><a href=\"https:\/\/www.tcbo.it\/en\/eventi\/concerts-2026-joy-symphony-no-7\/\" class=\"absoluteInRelative\"><\/a><div class=\"eventCalendarDay\">22<\/div><div class=\"eventCalendarMonth\">November<\/div><div class=\"eventCalendarTerms\">Concerts<\/div><h3 class=\"eventCalendarTitle\">Concerts 2026 | Joy &#8211; Symphony No. 7<\/h3><div class=\"eventCalendarPlace\">Teatro Manzoni, 11:00<\/div><\/div><\/div><div class=\"swiper-slide craqEventCalendarSlide danza\"><div class=\"eventCalendarWrap\"><div class=\"absoluteInRelative backgroundCover eventCalendarImg lazyload\" style=\"background-image:inherit\" data-bg-image=\"url(&#039;https:\/\/www.tcbo.it\/wp-content\/uploads\/2023\/04\/basic_thumbnail_event_calendar.png&#039;)\"><\/div><a href=\"https:\/\/www.tcbo.it\/en\/eventi\/dance-2026-morricone-night\/\" class=\"absoluteInRelative\"><\/a><div class=\"eventCalendarDay\">28<\/div><div class=\"eventCalendarMonth\">November<\/div><div class=\"eventCalendarTerms\">Dance<\/div><h3 class=\"eventCalendarTitle\">Dance 2026 | Morricone Night<\/h3><div class=\"eventCalendarPlace\">Teatro EuropAuditorium, 20:30<\/div><\/div><\/div><div class=\"swiper-slide craqEventCalendarSlide danza\"><div class=\"eventCalendarWrap\"><div class=\"absoluteInRelative backgroundCover eventCalendarImg lazyload\" style=\"background-image:inherit\" data-bg-image=\"url(&#039;https:\/\/www.tcbo.it\/wp-content\/uploads\/2023\/04\/basic_thumbnail_event_calendar.png&#039;)\"><\/div><a href=\"https:\/\/www.tcbo.it\/en\/eventi\/dance-2026-morricone-night\/\" class=\"absoluteInRelative\"><\/a><div class=\"eventCalendarDay\">29<\/div><div class=\"eventCalendarMonth\">November<\/div><div class=\"eventCalendarTerms\">Dance<\/div><h3 class=\"eventCalendarTitle\">Dance 2026 | Morricone Night<\/h3><div class=\"eventCalendarPlace\">Teatro EuropAuditorium, 16:00<\/div><\/div><\/div><div class=\"swiper-slide craqEventCalendarSlide concerti\"><div class=\"eventCalendarWrap\"><div class=\"absoluteInRelative backgroundCover eventCalendarImg lazyload\" style=\"background-image:inherit\" data-bg-image=\"url(&#039;https:\/\/www.tcbo.it\/wp-content\/uploads\/2025\/11\/13_Angius_1080x1080.jpg&#039;)\"><\/div><a href=\"https:\/\/www.tcbo.it\/en\/eventi\/concerts-2026-symphony-angius\/\" class=\"absoluteInRelative\"><\/a><div class=\"eventCalendarDay\">11<\/div><div class=\"eventCalendarMonth\">December<\/div><div class=\"eventCalendarTerms\">Concerts<\/div><h3 class=\"eventCalendarTitle\">Concerts 2026 | Symphony &#8211; Angius<\/h3><div class=\"eventCalendarPlace\">Teatro Manzoni, 20:30<\/div><\/div><\/div><div class=\"swiper-slide craqEventCalendarSlide concerti\"><div class=\"eventCalendarWrap\"><div class=\"absoluteInRelative backgroundCover eventCalendarImg lazyload\" style=\"background-image:inherit\" data-bg-image=\"url(&#039;https:\/\/www.tcbo.it\/wp-content\/uploads\/2023\/04\/basic_thumbnail_event_calendar.png&#039;)\"><\/div><a href=\"https:\/\/www.tcbo.it\/en\/eventi\/concerts-2026-joy-symphony-no-8\/\" class=\"absoluteInRelative\"><\/a><div class=\"eventCalendarDay\">13<\/div><div class=\"eventCalendarMonth\">December<\/div><div class=\"eventCalendarTerms\">Concerts<\/div><h3 class=\"eventCalendarTitle\">Concerts 2026 | Joy &#8211; Symphony No. 8<\/h3><div class=\"eventCalendarPlace\">Teatro Manzoni, 11:00<\/div><\/div><\/div><div class=\"swiper-slide craqEventCalendarSlide concerti\"><div class=\"eventCalendarWrap\"><div class=\"absoluteInRelative backgroundCover eventCalendarImg lazyload\" style=\"background-image:inherit\" data-bg-image=\"url(&#039;https:\/\/www.tcbo.it\/wp-content\/uploads\/2025\/11\/14_Stenz_1080x1080.jpg&#039;)\"><\/div><a href=\"https:\/\/www.tcbo.it\/en\/eventi\/concerts-2026-symphony-stenz\/\" class=\"absoluteInRelative\"><\/a><div class=\"eventCalendarDay\">31<\/div><div class=\"eventCalendarMonth\">December<\/div><div class=\"eventCalendarTerms\">Concerts<\/div><h3 class=\"eventCalendarTitle\">Concerts 2026 | Symphony &#8211; Stenz<\/h3><div class=\"eventCalendarPlace\">Teatro Manzoni, 16:00<\/div><\/div><\/div><\/div><\/div><div class=\"swiper-buttons-container\"><div class=\"swiper-button-prev\"><\/div><div class=\"swiper-button-next\"><\/div><\/div>[\/vc_column_text][\/vc_column][\/vc_row][vc_row row_height_percent=&#8221;25&#8243; override_padding=&#8221;yes&#8221; h_padding=&#8221;2&#8243; top_padding=&#8221;2&#8243; bottom_padding=&#8221;2&#8243; overlay_alpha=&#8221;0&#8243; gutter_size=&#8221;3&#8243; column_width_percent=&#8221;100&#8243; shift_y=&#8221;2&#8243; z_index=&#8221;1&#8243; enable_top_divider=&#8221;default&#8221; shape_top_h_use_pixel=&#8221;&#8221; shape_top_height=&#8221;150&#8243; shape_top_opacity=&#8221;100&#8243; shape_top_index=&#8221;0&#8243; enable_bottom_divider=&#8221;default&#8221; shape_bottom_h_use_pixel=&#8221;&#8221; shape_bottom_height=&#8221;150&#8243; shape_bottom_opacity=&#8221;100&#8243; shape_bottom_index=&#8221;0&#8243; uncode_shortcode_id=&#8221;661656&#8243; row_height_pixel=&#8221;100&#8243; back_color_type=&#8221;uncode-solid&#8221; back_color_solid=&#8221;#246cbb&#8221;][vc_column column_width_percent=&#8221;80&#8243; align_horizontal=&#8221;align_center&#8221; gutter_size=&#8221;3&#8243; override_padding=&#8221;yes&#8221; column_padding=&#8221;0&#8243; back_color=&#8221;color-xsdn&#8221; overlay_alpha=&#8221;75&#8243; shift_x=&#8221;0&#8243; shift_y=&#8221;-2&#8243; shift_y_down=&#8221;-1&#8243; z_index=&#8221;2&#8243; medium_width=&#8221;0&#8243; mobile_width=&#8221;0&#8243; shadow=&#8221;sm&#8221; shadow_darker=&#8221;yes&#8221; width=&#8221;1\/1&#8243; uncode_shortcode_id=&#8221;157802&#8243; back_color_type=&#8221;uncode-palette&#8221;][vc_row_inner row_inner_height_percent=&#8221;0&#8243; overlay_alpha=&#8221;50&#8243; gutter_size=&#8221;3&#8243; shift_y=&#8221;0&#8243; z_index=&#8221;0&#8243; uncode_shortcode_id=&#8221;811325&#8243; limit_content=&#8221;&#8221;][vc_column_inner column_width_percent=&#8221;100&#8243; align_horizontal=&#8221;align_center&#8221; gutter_size=&#8221;3&#8243; overlay_alpha=&#8221;29&#8243; shift_x=&#8221;0&#8243; shift_y=&#8221;0&#8243; shift_y_down=&#8221;0&#8243; z_index=&#8221;0&#8243; medium_width=&#8221;0&#8243; mobile_width=&#8221;0&#8243; radius=&#8221;lg&#8221; width=&#8221;1\/1&#8243; uncode_shortcode_id=&#8221;128115&#8243;][vc_custom_heading text_font=&#8221;font-168876&#8243; uncode_shortcode_id=&#8221;162010&#8243;]<\/p>\n<h3 style=\"text-align: center;\"><span class=\"font-168876\" style=\"color: #808000;\"><span style=\"caret-color: #ff0000;\">SYMPHONIC SEASON 2025<br \/>\n<\/span><\/span><\/h3>\n<h2 style=\"text-align: center;\"><span class=\"font-531579\" style=\"color: #222b56;\"><span style=\"caret-color: #ff0000;\">Yutaka Sado <em>director <\/em> <\/span><\/span><\/h2>\n<h3 style=\"text-align: center;\"><span class=\"font-531579\" style=\"color: #222b56;\"><span style=\"caret-color: #ff0000;\">Alexandra Conunova <em>violin<br \/>\n<\/em><\/span><\/span><\/h3>\n<h4 style=\"text-align: center;\"><span class=\"font-168876\" style=\"color: #808080;\"><span style=\"caret-color: #ff0000;\">saint-sa\u00ebns | bruckner<\/span><\/span><\/h4>\n<p>[\/vc_custom_heading][\/vc_column_inner][\/vc_row_inner][\/vc_column][\/vc_row][vc_row][vc_column width=&#8221;2\/3&#8243;][vc_row_inner row_inner_height_percent=&#8221;0&#8243; overlay_alpha=&#8221;50&#8243; gutter_size=&#8221;3&#8243; shift_y=&#8221;0&#8243; z_index=&#8221;0&#8243; mobile_visibility=&#8221;yes&#8221; limit_content=&#8221;&#8221; uncode_shortcode_id=&#8221;122470&#8243;][vc_column_inner width=&#8221;1\/2&#8243;][vc_single_image media=&#8221;113502&#8243; media_width_percent=&#8221;35&#8243; alignment=&#8221;center&#8221; advanced=&#8221;yes&#8221; media_items=&#8221;title,media|original,description&#8221; media_text=&#8221;under&#8221; media_overlay_color=&#8221;color-xsdn&#8221; media_overlay_opacity=&#8221;25&#8243; media_h_align=&#8221;center&#8221; media_padding=&#8221;1&#8243; media_title_dimension=&#8221;fontsize-160000&#8243; uncode_shortcode_id=&#8221;667368&#8243; media_overlay_color_type=&#8221;uncode-palette&#8221; media_link=&#8221;url:https%3A%2F%2Fyutakasado.com%2Fbiography&#8221;][\/vc_column_inner][vc_column_inner width=&#8221;1\/2&#8243;][vc_single_image media=&#8221;113503&#8243; media_width_percent=&#8221;35&#8243; alignment=&#8221;center&#8221; advanced=&#8221;yes&#8221; media_items=&#8221;title,media|original,description&#8221; media_text=&#8221;under&#8221; media_overlay_color=&#8221;color-xsdn&#8221; media_overlay_opacity=&#8221;25&#8243; media_h_align=&#8221;center&#8221; media_padding=&#8221;1&#8243; media_title_dimension=&#8221;fontsize-160000&#8243; uncode_shortcode_id=&#8221;157591&#8243; media_overlay_color_type=&#8221;uncode-palette&#8221; media_link=&#8221;url:http%3A%2F%2Fconunova.com&#8221;][\/vc_column_inner][\/vc_row_inner][\/vc_column][vc_column column_width_percent=&#8221;100&#8243; align_horizontal=&#8221;align_center&#8221; gutter_size=&#8221;3&#8243; overlay_alpha=&#8221;60&#8243; shift_x=&#8221;0&#8243; shift_y=&#8221;0&#8243; shift_y_down=&#8221;0&#8243; z_index=&#8221;0&#8243; medium_width=&#8221;0&#8243; mobile_width=&#8221;0&#8243; width=&#8221;1\/3&#8243; uncode_shortcode_id=&#8221;527282&#8243;][vc_row_inner limit_content=&#8221;&#8221;][vc_column_inner column_width_percent=&#8221;100&#8243; align_horizontal=&#8221;align_center&#8221; gutter_size=&#8221;3&#8243; back_color=&#8221;color-lxmt&#8221; overlay_alpha=&#8221;50&#8243; shift_x=&#8221;0&#8243; shift_y=&#8221;0&#8243; shift_y_down=&#8221;0&#8243; z_index=&#8221;0&#8243; medium_width=&#8221;0&#8243; mobile_width=&#8221;0&#8243; width=&#8221;1\/1&#8243; uncode_shortcode_id=&#8221;924414&#8243; back_color_type=&#8221;uncode-palette&#8221;][vc_column_text uncode_shortcode_id=&#8221;162082&#8243;]<\/p>\n<h4 style=\"text-align: center;\"><span style=\"color: #1b120b;\">FEB. 17 | H 8:30 P.M.<br \/>\n<\/span><span style=\"color: #1b120b;\">Manzoni Auditorium<\/span><\/h4>\n<p>[\/vc_column_text][vc_button button_color=&#8221;color-742106&#8243; radius=&#8221;btn-round&#8221; border_width=&#8221;0&#8243; link=&#8221;url:https%3A%2F%2Ftcbo.vivaticket.it%2Fit%2Fevent%2F4-sinfonica-2025-sado%2F251901|target:_blank|&#8221; button_color_type=&#8221;uncode-palette&#8221; uncode_shortcode_id=&#8221;123448&#8243;]BUY YOUR TICKET[\/vc_button][vc_button button_color=&#8221;color-742106&#8243; radius=&#8221;btn-round&#8221; border_width=&#8221;0&#8243; link=&#8221;url:https%3A%2F%2Fwww.tcbo.it%2Fabbonamenti-stagione-sinfonica-2025%2F|title:Symphony%20Season%20Subscriptions%202025|target:_blank|&#8221; button_color_type=&#8221;uncode-palette&#8221; uncode_shortcode_id=&#8221;117193&#8243;]SYMPHONY SEASON 2025 SUBSCRIBERS[\/vc_button][\/vc_column_inner][\/vc_row_inner][vc_column_text text_lead=&#8221;small&#8221; uncode_shortcode_id=&#8221;113023&#8243;]<\/p>\n<p style=\"text-align: center;\"><span style=\"color: #808080;\">Main Partner<\/span><\/p>\n<p>[\/vc_column_text][vc_single_image media=&#8221;81171&#8243; media_width_percent=&#8221;50&#8243; alignment=&#8221;center&#8221; uncode_shortcode_id=&#8221;629709&#8243; media_link=&#8221;url:https%3A%2F%2Fwww.intesasanpaolo.com&#8221;][\/vc_column][\/vc_row][vc_row row_height_percent=&#8221;0&#8243; back_color=&#8221;color-lxmt&#8221; overlay_alpha=&#8221;50&#8243; gutter_size=&#8221;3&#8243; column_width_percent=&#8221;100&#8243; shift_y=&#8221;0&#8243; z_index=&#8221;0&#8243; top_divider=&#8221;gradient&#8221; bottom_divider=&#8221;gradient&#8221; desktop_visibility=&#8221;yes&#8221; medium_visibility=&#8221;yes&#8221; uncode_shortcode_id=&#8221;203932&#8243; back_color_type=&#8221;uncode-palette&#8221;][vc_column width=&#8221;1\/1&#8243;][vc_column_text uncode_shortcode_id=&#8221;162837&#8243;]<\/p>\n<h4 style=\"text-align: center;\"><span style=\"color: #1b120b;\">PROGRAM<\/span><\/h4>\n<p>[\/vc_column_text][vc_column_text uncode_shortcode_id=&#8221;178706&#8243;]<\/p>\n<h4 style=\"text-align: center;\"><span style=\"color: #246cbb; font-family: Crimson Text;\"><span style=\"caret-color: #246cbb;\"><i>Camille Saint-Sa\u00ebns<\/i><\/span><\/span><\/h4>\n<p style=\"text-align: center;\"><em>Concerto for Violin and Orchestra No. 3 in B minor <\/em>, op. 61<\/p>\n<h4 style=\"text-align: center;\"><span style=\"color: #246cbb; font-family: Crimson Text;\"><span style=\"caret-color: #246cbb;\"><i>Anton Bruckner<\/i><\/span><\/span><\/h4>\n<p style=\"text-align: center;\"><em>Symphony No. 0 in D minor <\/em>, &#8220;Die Nullte&#8221; WAB 100<\/p>\n<p>[\/vc_column_text][\/vc_column][\/vc_row][vc_row row_height_percent=&#8221;0&#8243; back_color=&#8221;color-lxmt&#8221; overlay_alpha=&#8221;50&#8243; gutter_size=&#8221;3&#8243; column_width_percent=&#8221;100&#8243; shift_y=&#8221;0&#8243; z_index=&#8221;0&#8243; top_divider=&#8221;gradient&#8221; bottom_divider=&#8221;gradient&#8221; mobile_visibility=&#8221;yes&#8221; uncode_shortcode_id=&#8221;142573&#8243; back_color_type=&#8221;uncode-palette&#8221;][vc_column width=&#8221;1\/4&#8243;][vc_single_image media=&#8221;93193&#8243; media_width_percent=&#8221;35&#8243; alignment=&#8221;center&#8221; advanced=&#8221;yes&#8221; media_items=&#8221;title,media|original,description&#8221; media_text=&#8221;under&#8221; media_overlay_color=&#8221;color-xsdn&#8221; media_overlay_opacity=&#8221;25&#8243; media_h_align=&#8221;center&#8221; media_padding=&#8221;1&#8243; media_title_dimension=&#8221;fontsize-160000&#8243; uncode_shortcode_id=&#8221;180862&#8243; media_overlay_color_type=&#8221;uncode-palette&#8221;][\/vc_column][vc_column width=&#8221;3\/4&#8243;][vc_column_text uncode_shortcode_id=&#8221;162837&#8243;]<\/p>\n<h4 style=\"text-align: center;\"><span style=\"color: #1b120b;\">PROGRAM<\/span><\/h4>\n<p>[\/vc_column_text][vc_column_text uncode_shortcode_id=&#8221;883561&#8243;]<\/p>\n<h4 style=\"text-align: center;\"><span style=\"color: #246cbb; font-family: Crimson Text;\"><span style=\"caret-color: #246cbb;\"><i>Camille Saint-Sa\u00ebns<\/i><\/span><\/span><\/h4>\n<p style=\"text-align: center;\"><strong><em>Concerto for Violin and Orchestra No. 3 in B minor <\/em>, op. 61<\/strong><\/p>\n<p style=\"text-align: center;\">Behind every great concerto for solo instrument there has almost always been a great virtuoso ready to inspire or actively collaborate with the composer. Such is the case with Camille Saint-Sa\u00ebns&#8217;s Third Concerto for Violin and Orchestra, written in 1880 for the boundlessly talented Pablo de Sarasate, known for his interpretive magnetism, here put to the test with daring technical solutions bordering on incandescence. The exotic warmth of the Gypsy and Andalusian melodies, immediately recognizable on first hearing, consigned this page to the milestones of nineteenth-century violin concertos and helped elevate the French composer to the rank of &#8220;favorite of the gods.&#8221;<\/p>\n<p>[\/vc_column_text][\/vc_column][\/vc_row][vc_row row_height_percent=&#8221;0&#8243; back_color=&#8221;color-lxmt&#8221; overlay_alpha=&#8221;50&#8243; gutter_size=&#8221;3&#8243; column_width_percent=&#8221;100&#8243; shift_y=&#8221;0&#8243; z_index=&#8221;0&#8243; top_divider=&#8221;gradient&#8221; bottom_divider=&#8221;gradient&#8221; mobile_visibility=&#8221;yes&#8221; uncode_shortcode_id=&#8221;142573&#8243; back_color_type=&#8221;uncode-palette&#8221;][vc_column width=&#8221;1\/4&#8243;][vc_single_image media=&#8221;54778&#8243; media_width_percent=&#8221;35&#8243; alignment=&#8221;center&#8221; advanced=&#8221;yes&#8221; media_items=&#8221;title,media|original,description&#8221; media_text=&#8221;under&#8221; media_overlay_color=&#8221;color-xsdn&#8221; media_overlay_opacity=&#8221;25&#8243; media_h_align=&#8221;center&#8221; media_padding=&#8221;1&#8243; media_title_dimension=&#8221;fontsize-160000&#8243; uncode_shortcode_id=&#8221;177672&#8243; media_overlay_color_type=&#8221;uncode-palette&#8221;][\/vc_column][vc_column width=&#8221;3\/4&#8243;][vc_column_text uncode_shortcode_id=&#8221;167368&#8243;]<\/p>\n<h4 style=\"text-align: center;\"><span style=\"color: #246cbb; font-family: Crimson Text;\"><span style=\"caret-color: #246cbb;\"><i>Anton Bruckner<\/i><\/span><\/span><\/h4>\n<p style=\"text-align: center;\"><strong><em>Symphony No. 0 in D minor <\/em>, &#8220;Die Nullte&#8221; WAB 100<\/strong><\/p>\n<p style=\"text-align: center;\">The most powerful symphonist since Beethoven and before the advent of Mahler. This was Anton Bruckner, a unique case in the history of music: the son of an elementary school teacher in provincial Austria, known almost exclusively as an organist until his 50s, accepted as a composer in his 60s and consecrated to success only in the very last years of his life. Beneath the corpus of his Nine symphonies lie two mysterious creatures, symphonies &#8220;00&#8221; and &#8220;0,&#8221; by listening to which one can become fully acquainted with one of the most fascinating personalities of the musical 19th century. Unknown were the reasons that prompted Bruckner to repudiate this symphony, depriving it of progressive numbering and demoting it behind the First. But in any case, even Symphony &#8220;0,&#8221; conceived in 1869 and performed posthumously in 1924, already contains some essential aspects of Bruckner&#8217;s language of expressive force, sudden bursts and mighty perorations.<\/p>\n<p>[\/vc_column_text][\/vc_column][\/vc_row][vc_row row_height_percent=&#8221;0&#8243; back_color=&#8221;color-lxmt&#8221; overlay_alpha=&#8221;50&#8243; gutter_size=&#8221;3&#8243; column_width_percent=&#8221;100&#8243; shift_y=&#8221;0&#8243; z_index=&#8221;0&#8243; top_divider=&#8221;gradient&#8221; bottom_divider=&#8221;gradient&#8221; desktop_visibility=&#8221;yes&#8221; medium_visibility=&#8221;yes&#8221; mobile_visibility=&#8221;yes&#8221; uncode_shortcode_id=&#8221;757098&#8243; back_color_type=&#8221;uncode-palette&#8221;][vc_column width=&#8221;1\/1&#8243;][vc_column_text uncode_shortcode_id=&#8221;162837&#8243;]<\/p>\n<h4 style=\"text-align: center;\"><span style=\"color: #1b120b;\">PROGRAM<\/span><\/h4>\n<p>[\/vc_column_text][\/vc_column][\/vc_row][vc_row row_height_percent=&#8221;0&#8243; overlay_alpha=&#8221;50&#8243; gutter_size=&#8221;3&#8243; column_width_percent=&#8221;100&#8243; shift_y=&#8221;0&#8243; z_index=&#8221;0&#8243; desktop_visibility=&#8221;yes&#8221; medium_visibility=&#8221;yes&#8221; mobile_visibility=&#8221;yes&#8221; uncode_shortcode_id=&#8221;214123&#8243;][vc_column width=&#8221;1\/4&#8243;][vc_single_image media=&#8221;108713&#8243; media_width_percent=&#8221;35&#8243; alignment=&#8221;center&#8221; advanced=&#8221;yes&#8221; media_items=&#8221;title,media|original,description&#8221; media_text=&#8221;under&#8221; media_overlay_color=&#8221;color-xsdn&#8221; media_overlay_opacity=&#8221;25&#8243; media_h_align=&#8221;center&#8221; media_padding=&#8221;1&#8243; media_title_dimension=&#8221;fontsize-160000&#8243; uncode_shortcode_id=&#8221;204621&#8243; media_overlay_color_type=&#8221;uncode-palette&#8221;][\/vc_column][vc_column width=&#8221;3\/4&#8243;][vc_column_text uncode_shortcode_id=&#8221;985107&#8243;]<\/p>\n<h4><span style=\"color: #246cbb; font-family: Crimson Text;\"><span style=\"caret-color: #246cbb;\"><i>Overture, &#8220;Le Carnaval Romain&#8221;<\/i><\/span><\/span><\/h4>\n<p><em>In 1844 Hector Berlioz, among the great fathers of French Romanticism and one of the greatest innovators in the symphonic field, wrote a concert piece in A major with an extensive solo part reserved for the English horn. Thus was born the Overture &#8220;Le Carnaval romain,&#8221; a brilliant piece of broad melodic generosity, full of themes from the opera Benvenuto Cellini, composed six years earlier. The themes of the opera used, in fact, are those related to the Roman carnival scenes from which the overture takes its title.<\/em>[\/vc_column_text][\/vc_column][\/vc_row][vc_row row_height_percent=&#8221;0&#8243; overlay_alpha=&#8221;50&#8243; gutter_size=&#8221;3&#8243; column_width_percent=&#8221;100&#8243; shift_y=&#8221;0&#8243; z_index=&#8221;0&#8243; desktop_visibility=&#8221;yes&#8221; medium_visibility=&#8221;yes&#8221; mobile_visibility=&#8221;yes&#8221; uncode_shortcode_id=&#8221;152793&#8243;][vc_column width=&#8221;1\/4&#8243;][vc_single_image media=&#8221;66276&#8243; media_width_percent=&#8221;35&#8243; alignment=&#8221;center&#8221; advanced=&#8221;yes&#8221; media_items=&#8221;title,media|original,description&#8221; media_text=&#8221;under&#8221; media_overlay_color=&#8221;color-xsdn&#8221; media_overlay_opacity=&#8221;25&#8243; media_h_align=&#8221;center&#8221; media_padding=&#8221;1&#8243; media_title_dimension=&#8221;fontsize-160000&#8243; uncode_shortcode_id=&#8221;365291&#8243; media_overlay_color_type=&#8221;uncode-palette&#8221;][\/vc_column][vc_column width=&#8221;3\/4&#8243;][vc_column_text uncode_shortcode_id=&#8221;650756&#8243;]<\/p>\n<h4><span class=\"font-531579\" style=\"color: #246cbb;\"><em>&#8220;Pr\u00e8lude \u00e0 l&#8217;apr\u00e8s-midi d&#8217;un faune.&#8221;<\/em><\/span><\/h4>\n<p><em>The notes are released like sensual exhalations in &#8220;Pr\u00e9lude a l&#8217;apr\u00e8s-midi d&#8217;un faune&#8221; (1892-94) Claude Debussy&#8217;s first great symphonic masterpiece, which is immediately presented with its &#8220;new breath&#8221; (Pierre Boulez&#8217;s definition) thanks to the flute&#8217;s enigmatic opening phrase, &#8220;so full of voluptuousness as to become anguished,&#8221; Vladimir Jank\u00e9l\u00e9vitch&#8217;s words.<\/em>[\/vc_column_text][\/vc_column][\/vc_row][vc_row row_height_percent=&#8221;0&#8243; overlay_alpha=&#8221;50&#8243; gutter_size=&#8221;3&#8243; column_width_percent=&#8221;100&#8243; shift_y=&#8221;0&#8243; z_index=&#8221;0&#8243; top_divider=&#8221;gradient&#8221; bottom_divider=&#8221;gradient&#8221; uncode_shortcode_id=&#8221;145730&#8243;][vc_column width=&#8221;1\/1&#8243;][vc_column_text uncode_shortcode_id=&#8221;161060&#8243;]<\/p>\n<h3 style=\"text-align: center;\"><span class=\"font-762333\" style=\"color: #1b120b;\">PHILHARMONIC ORCHESTRA OF THE MUNICIPAL THEATER OF BOLOGNA<\/span><\/h3>\n<p>[\/vc_column_text][\/vc_column][\/vc_row][vc_row row_height_percent=&#8221;0&#8243; overlay_color=&#8221;color-xsdn&#8221; overlay_alpha=&#8221;50&#8243; gutter_size=&#8221;3&#8243; column_width_percent=&#8221;100&#8243; shift_y=&#8221;0&#8243; z_index=&#8221;0&#8243; enable_top_divider=&#8221;default&#8221; top_divider=&#8221;curve-asym&#8221; shape_top_h_use_pixel=&#8221;&#8221; shape_top_height=&#8221;150&#8243; shape_top_opacity=&#8221;100&#8243; shape_top_index=&#8221;0&#8243; enable_bottom_divider=&#8221;default&#8221; bottom_divider=&#8221;curve-asym&#8221; shape_bottom_h_use_pixel=&#8221;&#8221; shape_bottom_height=&#8221;150&#8243; shape_bottom_opacity=&#8221;100&#8243; shape_bottom_index=&#8221;0&#8243; desktop_visibility=&#8221;yes&#8221; medium_visibility=&#8221;yes&#8221; mobile_visibility=&#8221;yes&#8221; uncode_shortcode_id=&#8221;868476&#8243; back_color_type=&#8221;uncode-solid&#8221; overlay_color_type=&#8221;uncode-palette&#8221; back_color_solid=&#8221;#479dbe&#8221;][vc_column width=&#8221;1\/1&#8243;][uncode_index el_id=&#8221;index-895002&#8243; index_type=&#8221;carousel&#8221; loop=&#8221;size:All|order_by:date|post_type:portfolio|tax_query:299|taxonomy_count:10&#8243; carousel_lg=&#8221;5&#8243; carousel_md=&#8221;5&#8243; carousel_sm=&#8221;2&#8243; gutter_size=&#8221;3&#8243; post_items=&#8221;media|featured|onpost|original,title,text|excerpt&#8221; page_items=&#8221;title,media|featured|onpost|original,text|excerpt&#8221; popup_items=&#8221;title,media|featured|onpost|original,text|excerpt&#8221; portfolio_items=&#8221;title,media|featured|onpost|original,text|excerpt&#8221; carousel_interval=&#8221;3000&#8243; carousel_navspeed=&#8221;400&#8243; carousel_nav=&#8221;yes&#8221; carousel_nav_mobile=&#8221;yes&#8221; stage_padding=&#8221;0&#8243; single_overlay_opacity=&#8221;50&#8243; single_h_align=&#8221;center&#8221; single_h_align_mobile=&#8221;center&#8221; single_padding=&#8221;2&#8243; custom_order=&#8221;yes&#8221; order_ids=&#8221;91246,90745,90747,90749,91248,73114,91386,72778,90757,90761,90695&#8243; uncode_shortcode_id=&#8221;262317&#8243;][\/vc_column][\/vc_row][vc_row][vc_column column_width_percent=&#8221;80&#8243; gutter_size=&#8221;3&#8243; overlay_alpha=&#8221;50&#8243; shift_x=&#8221;0&#8243; shift_y=&#8221;0&#8243; shift_y_down=&#8221;0&#8243; z_index=&#8221;0&#8243; medium_width=&#8221;0&#8243; mobile_width=&#8221;0&#8243; width=&#8221;1\/1&#8243; uncode_shortcode_id=&#8221;154915&#8243;][uncode_block id=&#8221;115056&#8243;][\/vc_column][\/vc_row]<\/p>\n<\/div>","protected":false},"excerpt":{"rendered":"<div class=\"wpb-content-wrapper\"><p>[vc_row][vc_column width=&#8221;4\/6&#8243;][vc_custom_heading uncode_shortcode_id=&#8221;149354&#8243;]<\/p>\n<h4><span class=\"font-168876 font-762333 font-202503\" style=\"color: #808080;\">Let&#8217;s talk about Opera | Opera Season 2025<\/span><\/h4>\n<h1><span style=\"color: #993300; font-family: Poppins;\">LET&#8217;S TALK ABOUT &#8220;A MASQUERADE BALL&#8221;<\/span><\/h1>\n<h2><span style=\"color: #993300; font-family: Poppins;\">WITH <span style=\"color: #333333;\">LODO GUENZI<\/span><\/span><\/h2>\n<p>[\/vc_custom_heading][vc_row_inner row_inner_height_percent=&#8221;0&#8243; overlay_alpha=&#8221;50&#8243; gutter_size=&#8221;3&#8243; shift_y=&#8221;0&#8243; z_index=&#8221;0&#8243; desktop_visibility=&#8221;yes&#8221; medium_visibility=&#8221;yes&#8221; limit_content=&#8221;&#8221; uncode_shortcode_id=&#8221;218726&#8243;][vc_column_inner column_width_percent=&#8221;100&#8243; gutter_size=&#8221;3&#8243; back_color=&#8221;color-gyho&#8221; overlay_alpha=&#8221;50&#8243; shift_x=&#8221;0&#8243; shift_y=&#8221;0&#8243; shift_y_down=&#8221;0&#8243; z_index=&#8221;0&#8243; medium_width=&#8221;0&#8243; mobile_width=&#8221;0&#8243; <\/p><\/div>&hellip;","protected":false},"author":18,"featured_media":114000,"parent":0,"menu_order":0,"comment_status":"closed","ping_status":"closed","template":"","meta":{"_acf_changed":false,"footnotes":""},"portfolio_category":[495,496,519,524,526,527,528],"class_list":["post-116327","portfolio","type-portfolio","status-publish","has-post-thumbnail","hentry","portfolio_category-concerti-en","portfolio_category-calendario-en","portfolio_category-2025-en","portfolio_category-season-2025","portfolio_category-symphony-2025","portfolio_category-upcoming-events-en","portfolio_category-symphony-concerts"],"acf":[],"yoast_head":"<!-- This site is optimized with the Yoast SEO Premium plugin v26.6 (Yoast SEO v27.4) - https:\/\/yoast.com\/product\/yoast-seo-premium-wordpress\/ -->\n<title>Symphony Season 2025 | Yutaka Sado director - Teatro Comunale di Bologna<\/title>\n<meta name=\"robots\" content=\"index, follow, max-snippet:-1, max-image-preview:large, max-video-preview:-1\" \/>\n<link rel=\"canonical\" href=\"https:\/\/www.tcbo.it\/en\/eventi\/symphony-season-2025-yutaka-sado-director\/\" \/>\n<meta property=\"og:locale\" content=\"en_US\" \/>\n<meta property=\"og:type\" content=\"article\" \/>\n<meta property=\"og:title\" content=\"Symphony Season 2025 | Yutaka Sado director\" \/>\n<meta property=\"og:description\" content=\"[vc_row][vc_column width=&#8221;4\/6&#8243;][vc_custom_heading uncode_shortcode_id=&#8221;149354&#8243;] Let&#8217;s talk about Opera | Opera Season 2025 LET&#8217;S TALK ABOUT &#8220;A MASQUERADE BALL&#8221; WITH LODO GUENZI [\/vc_custom_heading][vc_row_inner row_inner_height_percent=&#8221;0&#8243; overlay_alpha=&#8221;50&#8243; gutter_size=&#8221;3&#8243; shift_y=&#8221;0&#8243; z_index=&#8221;0&#8243; desktop_visibility=&#8221;yes&#8221; medium_visibility=&#8221;yes&#8221; limit_content=&#8221;&#8221; uncode_shortcode_id=&#8221;218726&#8243;][vc_column_inner column_width_percent=&#8221;100&#8243; gutter_size=&#8221;3&#8243; back_color=&#8221;color-gyho&#8221; overlay_alpha=&#8221;50&#8243; shift_x=&#8221;0&#8243; shift_y=&#8221;0&#8243; shift_y_down=&#8221;0&#8243; z_index=&#8221;0&#8243; medium_width=&#8221;0&#8243; mobile_width=&#8221;0&#8243; &hellip;\" \/>\n<meta property=\"og:url\" content=\"https:\/\/www.tcbo.it\/en\/eventi\/symphony-season-2025-yutaka-sado-director\/\" \/>\n<meta property=\"og:site_name\" content=\"Teatro Comunale di Bologna\" \/>\n<meta property=\"article:publisher\" content=\"https:\/\/www.facebook.com\/TeatroComunaleBologna\" \/>\n<meta property=\"article:modified_time\" content=\"2025-02-16T17:36:35+00:00\" \/>\n<meta property=\"og:image\" content=\"https:\/\/www.tcbo.it\/wp-content\/uploads\/2024\/10\/sado-1702-1-1024x576.jpg\" \/>\n<meta name=\"twitter:card\" content=\"summary_large_image\" \/>\n<meta name=\"twitter:site\" content=\"@ComunaleBologna\" \/>\n<meta name=\"twitter:label1\" content=\"Est. reading time\" \/>\n\t<meta name=\"twitter:data1\" content=\"6 minutes\" \/>\n<script type=\"application\/ld+json\" class=\"yoast-schema-graph\">{\"@context\":\"https:\\\/\\\/schema.org\",\"@graph\":[{\"@type\":\"WebPage\",\"@id\":\"https:\\\/\\\/www.tcbo.it\\\/en\\\/eventi\\\/symphony-season-2025-yutaka-sado-director\\\/\",\"url\":\"https:\\\/\\\/www.tcbo.it\\\/en\\\/eventi\\\/symphony-season-2025-yutaka-sado-director\\\/\",\"name\":\"Symphony Season 2025 | Yutaka Sado director - Teatro Comunale di Bologna\",\"isPartOf\":{\"@id\":\"https:\\\/\\\/www.tcbo.it\\\/#website\"},\"primaryImageOfPage\":{\"@id\":\"https:\\\/\\\/www.tcbo.it\\\/en\\\/eventi\\\/symphony-season-2025-yutaka-sado-director\\\/#primaryimage\"},\"image\":{\"@id\":\"https:\\\/\\\/www.tcbo.it\\\/en\\\/eventi\\\/symphony-season-2025-yutaka-sado-director\\\/#primaryimage\"},\"thumbnailUrl\":\"https:\\\/\\\/www.tcbo.it\\\/wp-content\\\/uploads\\\/2024\\\/10\\\/500x700-sinfonica-20254.jpg\",\"datePublished\":\"2025-01-22T14:48:09+00:00\",\"dateModified\":\"2025-02-16T17:36:35+00:00\",\"breadcrumb\":{\"@id\":\"https:\\\/\\\/www.tcbo.it\\\/en\\\/eventi\\\/symphony-season-2025-yutaka-sado-director\\\/#breadcrumb\"},\"inLanguage\":\"en-US\",\"potentialAction\":[{\"@type\":\"ReadAction\",\"target\":[\"https:\\\/\\\/www.tcbo.it\\\/en\\\/eventi\\\/symphony-season-2025-yutaka-sado-director\\\/\"]}]},{\"@type\":\"ImageObject\",\"inLanguage\":\"en-US\",\"@id\":\"https:\\\/\\\/www.tcbo.it\\\/en\\\/eventi\\\/symphony-season-2025-yutaka-sado-director\\\/#primaryimage\",\"url\":\"https:\\\/\\\/www.tcbo.it\\\/wp-content\\\/uploads\\\/2024\\\/10\\\/500x700-sinfonica-20254.jpg\",\"contentUrl\":\"https:\\\/\\\/www.tcbo.it\\\/wp-content\\\/uploads\\\/2024\\\/10\\\/500x700-sinfonica-20254.jpg\",\"width\":1389,\"height\":1944,\"caption\":\"Yutaka Sado\"},{\"@type\":\"BreadcrumbList\",\"@id\":\"https:\\\/\\\/www.tcbo.it\\\/en\\\/eventi\\\/symphony-season-2025-yutaka-sado-director\\\/#breadcrumb\",\"itemListElement\":[{\"@type\":\"ListItem\",\"position\":1,\"name\":\"Home\",\"item\":\"https:\\\/\\\/www.tcbo.it\\\/en\\\/\"},{\"@type\":\"ListItem\",\"position\":2,\"name\":\"Eventi\",\"item\":\"https:\\\/\\\/www.tcbo.it\\\/eventi\\\/\"},{\"@type\":\"ListItem\",\"position\":3,\"name\":\"Symphony Season 2025 | Yutaka Sado director\"}]},{\"@type\":\"WebSite\",\"@id\":\"https:\\\/\\\/www.tcbo.it\\\/#website\",\"url\":\"https:\\\/\\\/www.tcbo.it\\\/\",\"name\":\"tcbo.it\",\"description\":\"Teatro d&#039;Opera, Musica Lirica e Sinfonica, spettacoli di Danza classica e contemporanea\",\"publisher\":{\"@id\":\"https:\\\/\\\/www.tcbo.it\\\/#organization\"},\"potentialAction\":[{\"@type\":\"SearchAction\",\"target\":{\"@type\":\"EntryPoint\",\"urlTemplate\":\"https:\\\/\\\/www.tcbo.it\\\/?s={search_term_string}\"},\"query-input\":{\"@type\":\"PropertyValueSpecification\",\"valueRequired\":true,\"valueName\":\"search_term_string\"}}],\"inLanguage\":\"en-US\"},{\"@type\":\"Organization\",\"@id\":\"https:\\\/\\\/www.tcbo.it\\\/#organization\",\"name\":\"Fondazione Teatro Comunale di Bologna\",\"url\":\"https:\\\/\\\/www.tcbo.it\\\/\",\"logo\":{\"@type\":\"ImageObject\",\"inLanguage\":\"en-US\",\"@id\":\"https:\\\/\\\/www.tcbo.it\\\/#\\\/schema\\\/logo\\\/image\\\/\",\"url\":\"https:\\\/\\\/www.tcbo.it\\\/wp-content\\\/uploads\\\/Copia-di-TCBO_-logo2016.jpg\",\"contentUrl\":\"https:\\\/\\\/www.tcbo.it\\\/wp-content\\\/uploads\\\/Copia-di-TCBO_-logo2016.jpg\",\"width\":3325,\"height\":3325,\"caption\":\"Fondazione Teatro Comunale di Bologna\"},\"image\":{\"@id\":\"https:\\\/\\\/www.tcbo.it\\\/#\\\/schema\\\/logo\\\/image\\\/\"},\"sameAs\":[\"https:\\\/\\\/www.facebook.com\\\/TeatroComunaleBologna\",\"https:\\\/\\\/x.com\\\/ComunaleBologna\",\"https:\\\/\\\/www.instagram.com\\\/comunalebologna\\\/\",\"https:\\\/\\\/www.linkedin.com\\\/company\\\/fondazione-teatro-comunale-di-bologna\\\/mycompany\\\/?viewAsMember=true\",\"https:\\\/\\\/www.youtube.com\\\/channel\\\/UC2YPqJpxc4Hof43oHcdCvvw\",\"https:\\\/\\\/www.tiktok.com\\\/@ilcomunalebologna\"]}]}<\/script>\n<!-- \/ Yoast SEO Premium plugin. -->","yoast_head_json":{"title":"Symphony Season 2025 | Yutaka Sado director - Teatro Comunale di Bologna","robots":{"index":"index","follow":"follow","max-snippet":"max-snippet:-1","max-image-preview":"max-image-preview:large","max-video-preview":"max-video-preview:-1"},"canonical":"https:\/\/www.tcbo.it\/en\/eventi\/symphony-season-2025-yutaka-sado-director\/","og_locale":"en_US","og_type":"article","og_title":"Symphony Season 2025 | Yutaka Sado director","og_description":"[vc_row][vc_column width=&#8221;4\/6&#8243;][vc_custom_heading uncode_shortcode_id=&#8221;149354&#8243;] Let&#8217;s talk about Opera | Opera Season 2025 LET&#8217;S TALK ABOUT &#8220;A MASQUERADE BALL&#8221; WITH LODO GUENZI [\/vc_custom_heading][vc_row_inner row_inner_height_percent=&#8221;0&#8243; overlay_alpha=&#8221;50&#8243; gutter_size=&#8221;3&#8243; shift_y=&#8221;0&#8243; z_index=&#8221;0&#8243; desktop_visibility=&#8221;yes&#8221; medium_visibility=&#8221;yes&#8221; limit_content=&#8221;&#8221; uncode_shortcode_id=&#8221;218726&#8243;][vc_column_inner column_width_percent=&#8221;100&#8243; gutter_size=&#8221;3&#8243; back_color=&#8221;color-gyho&#8221; overlay_alpha=&#8221;50&#8243; shift_x=&#8221;0&#8243; shift_y=&#8221;0&#8243; shift_y_down=&#8221;0&#8243; z_index=&#8221;0&#8243; medium_width=&#8221;0&#8243; mobile_width=&#8221;0&#8243; &hellip;","og_url":"https:\/\/www.tcbo.it\/en\/eventi\/symphony-season-2025-yutaka-sado-director\/","og_site_name":"Teatro Comunale di Bologna","article_publisher":"https:\/\/www.facebook.com\/TeatroComunaleBologna","article_modified_time":"2025-02-16T17:36:35+00:00","og_image":[{"url":"https:\/\/www.tcbo.it\/wp-content\/uploads\/2024\/10\/sado-1702-1-1024x576.jpg","type":"","width":"","height":""}],"twitter_card":"summary_large_image","twitter_site":"@ComunaleBologna","twitter_misc":{"Est. reading time":"6 minutes"},"schema":{"@context":"https:\/\/schema.org","@graph":[{"@type":"WebPage","@id":"https:\/\/www.tcbo.it\/en\/eventi\/symphony-season-2025-yutaka-sado-director\/","url":"https:\/\/www.tcbo.it\/en\/eventi\/symphony-season-2025-yutaka-sado-director\/","name":"Symphony Season 2025 | Yutaka Sado director - Teatro Comunale di Bologna","isPartOf":{"@id":"https:\/\/www.tcbo.it\/#website"},"primaryImageOfPage":{"@id":"https:\/\/www.tcbo.it\/en\/eventi\/symphony-season-2025-yutaka-sado-director\/#primaryimage"},"image":{"@id":"https:\/\/www.tcbo.it\/en\/eventi\/symphony-season-2025-yutaka-sado-director\/#primaryimage"},"thumbnailUrl":"https:\/\/www.tcbo.it\/wp-content\/uploads\/2024\/10\/500x700-sinfonica-20254.jpg","datePublished":"2025-01-22T14:48:09+00:00","dateModified":"2025-02-16T17:36:35+00:00","breadcrumb":{"@id":"https:\/\/www.tcbo.it\/en\/eventi\/symphony-season-2025-yutaka-sado-director\/#breadcrumb"},"inLanguage":"en-US","potentialAction":[{"@type":"ReadAction","target":["https:\/\/www.tcbo.it\/en\/eventi\/symphony-season-2025-yutaka-sado-director\/"]}]},{"@type":"ImageObject","inLanguage":"en-US","@id":"https:\/\/www.tcbo.it\/en\/eventi\/symphony-season-2025-yutaka-sado-director\/#primaryimage","url":"https:\/\/www.tcbo.it\/wp-content\/uploads\/2024\/10\/500x700-sinfonica-20254.jpg","contentUrl":"https:\/\/www.tcbo.it\/wp-content\/uploads\/2024\/10\/500x700-sinfonica-20254.jpg","width":1389,"height":1944,"caption":"Yutaka Sado"},{"@type":"BreadcrumbList","@id":"https:\/\/www.tcbo.it\/en\/eventi\/symphony-season-2025-yutaka-sado-director\/#breadcrumb","itemListElement":[{"@type":"ListItem","position":1,"name":"Home","item":"https:\/\/www.tcbo.it\/en\/"},{"@type":"ListItem","position":2,"name":"Eventi","item":"https:\/\/www.tcbo.it\/eventi\/"},{"@type":"ListItem","position":3,"name":"Symphony Season 2025 | Yutaka Sado director"}]},{"@type":"WebSite","@id":"https:\/\/www.tcbo.it\/#website","url":"https:\/\/www.tcbo.it\/","name":"tcbo.it","description":"Teatro d&#039;Opera, Musica Lirica e Sinfonica, spettacoli di Danza classica e contemporanea","publisher":{"@id":"https:\/\/www.tcbo.it\/#organization"},"potentialAction":[{"@type":"SearchAction","target":{"@type":"EntryPoint","urlTemplate":"https:\/\/www.tcbo.it\/?s={search_term_string}"},"query-input":{"@type":"PropertyValueSpecification","valueRequired":true,"valueName":"search_term_string"}}],"inLanguage":"en-US"},{"@type":"Organization","@id":"https:\/\/www.tcbo.it\/#organization","name":"Fondazione Teatro Comunale di Bologna","url":"https:\/\/www.tcbo.it\/","logo":{"@type":"ImageObject","inLanguage":"en-US","@id":"https:\/\/www.tcbo.it\/#\/schema\/logo\/image\/","url":"https:\/\/www.tcbo.it\/wp-content\/uploads\/Copia-di-TCBO_-logo2016.jpg","contentUrl":"https:\/\/www.tcbo.it\/wp-content\/uploads\/Copia-di-TCBO_-logo2016.jpg","width":3325,"height":3325,"caption":"Fondazione Teatro Comunale di Bologna"},"image":{"@id":"https:\/\/www.tcbo.it\/#\/schema\/logo\/image\/"},"sameAs":["https:\/\/www.facebook.com\/TeatroComunaleBologna","https:\/\/x.com\/ComunaleBologna","https:\/\/www.instagram.com\/comunalebologna\/","https:\/\/www.linkedin.com\/company\/fondazione-teatro-comunale-di-bologna\/mycompany\/?viewAsMember=true","https:\/\/www.youtube.com\/channel\/UC2YPqJpxc4Hof43oHcdCvvw","https:\/\/www.tiktok.com\/@ilcomunalebologna"]}]}},"_links":{"self":[{"href":"https:\/\/www.tcbo.it\/en\/wp-json\/wp\/v2\/portfolio\/116327","targetHints":{"allow":["GET"]}}],"collection":[{"href":"https:\/\/www.tcbo.it\/en\/wp-json\/wp\/v2\/portfolio"}],"about":[{"href":"https:\/\/www.tcbo.it\/en\/wp-json\/wp\/v2\/types\/portfolio"}],"author":[{"embeddable":true,"href":"https:\/\/www.tcbo.it\/en\/wp-json\/wp\/v2\/users\/18"}],"replies":[{"embeddable":true,"href":"https:\/\/www.tcbo.it\/en\/wp-json\/wp\/v2\/comments?post=116327"}],"version-history":[{"count":2,"href":"https:\/\/www.tcbo.it\/en\/wp-json\/wp\/v2\/portfolio\/116327\/revisions"}],"predecessor-version":[{"id":116919,"href":"https:\/\/www.tcbo.it\/en\/wp-json\/wp\/v2\/portfolio\/116327\/revisions\/116919"}],"wp:featuredmedia":[{"embeddable":true,"href":"https:\/\/www.tcbo.it\/en\/wp-json\/wp\/v2\/media\/114000"}],"wp:attachment":[{"href":"https:\/\/www.tcbo.it\/en\/wp-json\/wp\/v2\/media?parent=116327"}],"wp:term":[{"taxonomy":"portfolio_category","embeddable":true,"href":"https:\/\/www.tcbo.it\/en\/wp-json\/wp\/v2\/portfolio_category?post=116327"}],"curies":[{"name":"wp","href":"https:\/\/api.w.org\/{rel}","templated":true}]}}